{"id":1060,"date":"2024-12-11T16:10:47","date_gmt":"2024-12-11T19:10:47","guid":{"rendered":"https:\/\/guaruja.org.br\/aguaviva\/?post_type=nossas-acoes&#038;p=1060"},"modified":"2024-12-17T15:30:23","modified_gmt":"2024-12-17T18:30:23","slug":"arquivamento-de-inquerito-civil-sobre-eventos-na-fortaleza-da-barra-grande","status":"publish","type":"nossas-acoes","link":"https:\/\/guaruja.org.br\/aguaviva\/nossas-acoes\/arquivamento-de-inquerito-civil-sobre-eventos-na-fortaleza-da-barra-grande\/","title":{"rendered":"Arquivamento de Inqu\u00e9rito Civil sobre Eventos na Fortaleza da Barra Grande"},"content":{"rendered":"\n<p>A Associa\u00e7\u00e3o Guaruj\u00e1 Viva (\u00c1gua Viva) informa que o Minist\u00e9rio P\u00fablico Federal (MPF), por meio da Procuradoria da Rep\u00fablica no Munic\u00edpio de Santos, arquivou o Inqu\u00e9rito Civil n\u00ba 1.34.012.000796\/2023-22. O procedimento investigou poss\u00edveis irregularidades na realiza\u00e7\u00e3o de eventos na Fortaleza da Barra Grande, um patrim\u00f4nio hist\u00f3rico nacional tombado pelo IPHAN, localizada no Guaruj\u00e1\/SP.<\/p>\n\n\n\n<div data-wp-interactive=\"core\/file\" class=\"wp-block-file\"><object data-wp-bind--hidden=\"!state.hasPdfPreview\" hidden class=\"wp-block-file__embed\" data=\"https:\/\/guaruja.org.br\/aguaviva\/wp-content\/uploads\/2023\/12\/PRM-STS-SP-00013692.2024.pdf\" type=\"application\/pdf\" style=\"width:100%;height:600px\" aria-label=\"Incorporado de PRM-STS-SP-00013692.2024.\"><\/object><a id=\"wp-block-file--media-0d568d62-e352-4d40-9949-eacae9857ad0\" href=\"https:\/\/guaruja.org.br\/aguaviva\/wp-content\/uploads\/2023\/12\/PRM-STS-SP-00013692.2024.pdf\">PRM-STS-SP-00013692.2024<\/a><a href=\"https:\/\/guaruja.org.br\/aguaviva\/wp-content\/uploads\/2023\/12\/PRM-STS-SP-00013692.2024.pdf\" class=\"wp-block-file__button wp-element-button\" download aria-describedby=\"wp-block-file--media-0d568d62-e352-4d40-9949-eacae9857ad0\">Baixar<\/a><\/div>\n\n\n\n<h3 class=\"wp-block-heading\"><strong>Entenda o caso<\/strong><\/h3>\n\n\n\n<p>A den\u00fancia foi apresentada pela \u00c1gua Viva, alertando para os poss\u00edveis danos estruturais e ambientais causados pelos eventos &#8220;Projeto Fort Beach&#8221;, programado para 16\/12\/2023, e R\u00e9veillon 2023\/2024. O objetivo era garantir a preserva\u00e7\u00e3o desse importante patrim\u00f4nio hist\u00f3rico e ambiental da nossa regi\u00e3o.<\/p>\n\n\n\n<h3 class=\"wp-block-heading\"><strong>A\u00e7\u00f5es tomadas<\/strong><\/h3>\n\n\n\n<p>Foram acionados \u00f3rg\u00e3os competentes como Prefeitura do Guaruj\u00e1, IPHAN, SPU, CETESB, IBAMA e Corpo de Bombeiros. Em resposta, o IPHAN confirmou a aus\u00eancia de autoriza\u00e7\u00e3o para os eventos, e todos os \u00f3rg\u00e3os envolvidos informaram o cancelamento das atividades programadas.<\/p>\n\n\n\n<h3 class=\"wp-block-heading\"><strong>Conserva\u00e7\u00e3o em pauta<\/strong><\/h3>\n\n\n\n<p>Durante o processo, o IPHAN apontou o estado prec\u00e1rio de conserva\u00e7\u00e3o da Fortaleza da Barra Grande e a falta de um programa adequado de manuten\u00e7\u00e3o. Essa quest\u00e3o, no entanto, ser\u00e1 tratada em um novo procedimento, desvinculado do inqu\u00e9rito inicial. Nesse sentido, foi instaurada a NF n\u00ba 1.34.012.000584\/2024-26, em tr\u00e2mite no 6\u00ba Of\u00edcio desta PRM\/Santos, conforme certificado sob n\u00ba PRM-STS-SP-00013345\/2024.<\/p>\n\n\n\n<figure class=\"wp-block-image size-large\"><img fetchpriority=\"high\" decoding=\"async\" width=\"1024\" height=\"420\" src=\"https:\/\/guaruja.org.br\/aguaviva\/wp-content\/uploads\/2024\/12\/image-3-1024x420.png\" alt=\"\" class=\"wp-image-2714\" srcset=\"https:\/\/guaruja.org.br\/aguaviva\/wp-content\/uploads\/2024\/12\/image-3-1024x420.png 1024w, https:\/\/guaruja.org.br\/aguaviva\/wp-content\/uploads\/2024\/12\/image-3-300x123.png 300w, https:\/\/guaruja.org.br\/aguaviva\/wp-content\/uploads\/2024\/12\/image-3-768x315.png 768w, https:\/\/guaruja.org.br\/aguaviva\/wp-content\/uploads\/2024\/12\/image-3.png 1334w\" sizes=\"(max-width: 1024px) 100vw, 1024px\" \/><\/figure>\n\n\n\n<h3 class=\"wp-block-heading\"><strong>Decis\u00e3o final<\/strong><\/h3>\n\n\n\n<p>Diante do cancelamento dos eventos e da inexist\u00eancia de inten\u00e7\u00e3o de realiz\u00e1-los, o MPF determinou o arquivamento do inqu\u00e9rito, que agora segue para an\u00e1lise da 4\u00aa C\u00e2mara de Coordena\u00e7\u00e3o e Revis\u00e3o.<\/p>\n\n\n\n<h3 class=\"wp-block-heading\"><strong>Compromisso com a preserva\u00e7\u00e3o<\/strong><\/h3>\n\n\n\n<p>A \u00c1gua Viva reafirma seu compromisso com a prote\u00e7\u00e3o do patrim\u00f4nio hist\u00f3rico e ambiental do Guaruj\u00e1. Continuaremos atentos \u00e0s condi\u00e7\u00f5es da Fortaleza da Barra Grande e \u00e0 necessidade de medidas efetivas para sua conserva\u00e7\u00e3o.<\/p>\n\n\n\n<p>Agradecemos a todos que confiam em nosso trabalho e permanecemos \u00e0 disposi\u00e7\u00e3o para colaborar com os \u00f3rg\u00e3os respons\u00e1veis em prol de nossa mem\u00f3ria hist\u00f3rica e ambiental.<\/p>\n\n\n\n<h2 class=\"wp-block-heading\" id=\"h-aguaviva-denuncia-projeto-fort-beach-previsto-para-ser-realizado-em-area-tombada-fortaleza-da-barra-grande-em-guaruja-sp\">AGUAVIVA denuncia Projeto Fort Beach previsto para ser realizado em \u00e1rea tombada, Fortaleza da Barra Grande em Guaruj\u00e1\/ SP<\/h2>\n\n\n\n<p>12 de dezembro de 2023 &#8211; A<strong> AGUAVIVA, Associa\u00e7\u00e3o Guaruj\u00e1&nbsp;Viva<\/strong>, encaminhou den\u00fancia ao <strong>Instituto do Patrim\u00f3nio Hist\u00f3rico e Art\u00edstico Nacional<\/strong> <strong>(IPHAN)<\/strong>, <strong>Secretaria de Coordena\u00e7\u00e3o e Governan\u00e7a do Patrim\u00f4nio da Uni\u00e3o (SPU),<\/strong> <strong>GAEMA \u2013 Grupo de Atua\u00e7\u00e3o Especial de Defesa do Meio Ambiente<\/strong>, <strong>Minist\u00e9rio P\u00fablico Federal<\/strong> e ao <strong>Minist\u00e9rio P\u00fablico do Estado de S\u00e3o Paulo<\/strong>, informa\u00e7\u00f5es a respeito atividades inadequadas em \u00e1rea tombada no Munic\u00edpio de Guaruj\u00e1.<\/p>\n\n\n\n<p>Est\u00e1 programado para o dia 16\/12\/2023, a realiza\u00e7\u00e3o de evento denominado como &#8220;Projeto Fort Beach&#8221; previsto para acontecer na Fortaleza da Barra Grande em Guaruj\u00e1, SP. Este local, que \u00e9 um marco hist\u00f3rico protegido pelo IPHAN e pelo CONDEPHAAT, enfrenta agora um grande risco.<\/p>\n\n\n\n<p>Estamos preocupados que um evento de grande escala possa causar danos irrepar\u00e1veis a essa estrutura hist\u00f3rica. O aumento de tr\u00e1fego e a infraestrutura necess\u00e1ria para o evento podem levar \u00e0 deteriora\u00e7\u00e3o da constru\u00e7\u00e3o antiga, perturbar a paz do local, e prejudicar a conserva\u00e7\u00e3o de artefatos preciosos. Al\u00e9m disso, o ac\u00famulo de lixo e a polui\u00e7\u00e3o podem afetar negativamente o ambiente natural ao redor, incluindo a fauna local.<\/p>\n\n\n\n<p>Diante das irregularidades mencionadas, a AGUAVIVA solicita \u00e0s autoridades para que tomem medidas imediatas para impedir que esse evento seja realizado e que solicite \u00e0 Prefeitura de Guaruj\u00e1, esclarecimentos quanto a autoriza\u00e7\u00e3o para realiza\u00e7\u00e3o do evento e altera\u00e7\u00f5es no local para viabilizar o evento.<\/p>\n\n\n\n<p>Acompanhe essa e outras iniciativas aqui, no site da <a href=\"https:\/\/guaruja.org.br\/aguaviva\/nossas-acoes\/\">AGUAVIVA<\/a>.<\/p>\n\n\n\n<h2 class=\"wp-block-heading\" id=\"h-documentos-relacionados\">Documentos relacionados<\/h2>\n\n\n\n<div data-wp-interactive=\"core\/file\" class=\"wp-block-file\"><object data-wp-bind--hidden=\"!state.hasPdfPreview\" hidden class=\"wp-block-file__embed\" data=\"https:\/\/guaruja.org.br\/aguaviva\/wp-content\/uploads\/2023\/12\/Oficio-AV-160.2023-IPHAN-1.pdf\" type=\"application\/pdf\" style=\"width:100%;height:600px\" aria-label=\"Incorporado de Oficio-AV-160.2023-IPHAN-1.\"><\/object><a id=\"wp-block-file--media-87361006-37c1-48dc-a051-fdd6628d45ff\" href=\"https:\/\/guaruja.org.br\/aguaviva\/wp-content\/uploads\/2023\/12\/Oficio-AV-160.2023-IPHAN-1.pdf\">Oficio-AV-160.2023-IPHAN-1<\/a><a href=\"https:\/\/guaruja.org.br\/aguaviva\/wp-content\/uploads\/2023\/12\/Oficio-AV-160.2023-IPHAN-1.pdf\" class=\"wp-block-file__button wp-element-button\" download aria-describedby=\"wp-block-file--media-87361006-37c1-48dc-a051-fdd6628d45ff\">Baixar<\/a><\/div>\n\n\n\n<div data-wp-interactive=\"core\/file\" class=\"wp-block-file\"><object data-wp-bind--hidden=\"!state.hasPdfPreview\" hidden class=\"wp-block-file__embed\" data=\"https:\/\/guaruja.org.br\/aguaviva\/wp-content\/uploads\/2023\/12\/Oficio-AV-161.2023-GAEMA-1.pdf\" type=\"application\/pdf\" style=\"width:100%;height:600px\" aria-label=\"Incorporado de Oficio-AV-161.2023-GAEMA-1.\"><\/object><a id=\"wp-block-file--media-b8f37e85-bf10-4ba0-b852-6dd289c83b58\" href=\"https:\/\/guaruja.org.br\/aguaviva\/wp-content\/uploads\/2023\/12\/Oficio-AV-161.2023-GAEMA-1.pdf\">Oficio-AV-161.2023-GAEMA-1<\/a><a href=\"https:\/\/guaruja.org.br\/aguaviva\/wp-content\/uploads\/2023\/12\/Oficio-AV-161.2023-GAEMA-1.pdf\" class=\"wp-block-file__button wp-element-button\" download aria-describedby=\"wp-block-file--media-b8f37e85-bf10-4ba0-b852-6dd289c83b58\">Baixar<\/a><\/div>\n\n\n\n<div data-wp-interactive=\"core\/file\" class=\"wp-block-file\"><object data-wp-bind--hidden=\"!state.hasPdfPreview\" hidden class=\"wp-block-file__embed\" data=\"https:\/\/guaruja.org.br\/aguaviva\/wp-content\/uploads\/2023\/12\/Oficio-AV-162.2023-MPSP-2.pdf\" type=\"application\/pdf\" style=\"width:100%;height:600px\" aria-label=\"Incorporado de Oficio-AV-162.2023-MPSP-2.\"><\/object><a id=\"wp-block-file--media-c78712df-acda-4ca3-8dad-e55455028079\" href=\"https:\/\/guaruja.org.br\/aguaviva\/wp-content\/uploads\/2023\/12\/Oficio-AV-162.2023-MPSP-2.pdf\">Oficio-AV-162.2023-MPSP-2<\/a><a href=\"https:\/\/guaruja.org.br\/aguaviva\/wp-content\/uploads\/2023\/12\/Oficio-AV-162.2023-MPSP-2.pdf\" class=\"wp-block-file__button wp-element-button\" download aria-describedby=\"wp-block-file--media-c78712df-acda-4ca3-8dad-e55455028079\">Baixar<\/a><\/div>\n\n\n\n<div data-wp-interactive=\"core\/file\" class=\"wp-block-file\"><object data-wp-bind--hidden=\"!state.hasPdfPreview\" hidden class=\"wp-block-file__embed\" data=\"https:\/\/guaruja.org.br\/aguaviva\/wp-content\/uploads\/2023\/12\/Oficio-AV-163.2023-SPU-1.pdf\" type=\"application\/pdf\" style=\"width:100%;height:600px\" aria-label=\"Incorporado de Oficio-AV-163.2023-SPU-1.\"><\/object><a id=\"wp-block-file--media-6245256d-66bb-49ec-9ca5-b68ea56fc303\" href=\"https:\/\/guaruja.org.br\/aguaviva\/wp-content\/uploads\/2023\/12\/Oficio-AV-163.2023-SPU-1.pdf\">Oficio-AV-163.2023-SPU-1<\/a><a href=\"https:\/\/guaruja.org.br\/aguaviva\/wp-content\/uploads\/2023\/12\/Oficio-AV-163.2023-SPU-1.pdf\" class=\"wp-block-file__button wp-element-button\" download aria-describedby=\"wp-block-file--media-6245256d-66bb-49ec-9ca5-b68ea56fc303\">Baixar<\/a><\/div>\n\n\n\n<div class=\"wp-block-file\"><a href=\"blob:https:\/\/guaruja.org.br\/79439704-2bed-4ecd-8674-8427d21ead54\" class=\"wp-block-file__button wp-element-button\" download>Baixar<\/a><\/div>\n\n\n\n<div data-wp-interactive=\"core\/file\" class=\"wp-block-file\"><object data-wp-bind--hidden=\"!state.hasPdfPreview\" hidden class=\"wp-block-file__embed\" data=\"https:\/\/guaruja.org.br\/aguaviva\/wp-content\/uploads\/2023\/12\/SEI_GESP-0014927704-Recibo-Eletronico-de-Protocolo-CONDEPHAAT.pdf\" type=\"application\/pdf\" style=\"width:100%;height:600px\" aria-label=\"Incorporado de SEI_GESP-0014927704-Recibo-Eletronico-de-Protocolo-CONDEPHAAT.\"><\/object><a id=\"wp-block-file--media-535ed653-ec2c-4165-be66-3b73fc4a0bd9\" href=\"https:\/\/guaruja.org.br\/aguaviva\/wp-content\/uploads\/2023\/12\/SEI_GESP-0014927704-Recibo-Eletronico-de-Protocolo-CONDEPHAAT.pdf\">SEI_GESP-0014927704-Recibo-Eletronico-de-Protocolo-CONDEPHAAT<\/a><a href=\"https:\/\/guaruja.org.br\/aguaviva\/wp-content\/uploads\/2023\/12\/SEI_GESP-0014927704-Recibo-Eletronico-de-Protocolo-CONDEPHAAT.pdf\" class=\"wp-block-file__button wp-element-button\" download aria-describedby=\"wp-block-file--media-535ed653-ec2c-4165-be66-3b73fc4a0bd9\">Baixar<\/a><\/div>\n\n\n\n<div data-wp-interactive=\"core\/file\" class=\"wp-block-file\"><object data-wp-bind--hidden=\"!state.hasPdfPreview\" hidden class=\"wp-block-file__embed\" data=\"https:\/\/guaruja.org.br\/aguaviva\/wp-content\/uploads\/2023\/12\/Processo-AV-IPHAN-Projeto-Fort-Beach-Fortaleza-da-Barra-Grande-em-Guaruja.pdf\" type=\"application\/pdf\" style=\"width:100%;height:600px\" aria-label=\"Incorporado de Processo-AV-IPHAN-Projeto-Fort-Beach-Fortaleza-da-Barra-Grande-em-Guaruja.\"><\/object><a id=\"wp-block-file--media-feb560f7-fffb-473e-a8c3-7b61956e27d2\" href=\"https:\/\/guaruja.org.br\/aguaviva\/wp-content\/uploads\/2023\/12\/Processo-AV-IPHAN-Projeto-Fort-Beach-Fortaleza-da-Barra-Grande-em-Guaruja.pdf\">Processo-AV-IPHAN-Projeto-Fort-Beach-Fortaleza-da-Barra-Grande-em-Guaruja<\/a><a href=\"https:\/\/guaruja.org.br\/aguaviva\/wp-content\/uploads\/2023\/12\/Processo-AV-IPHAN-Projeto-Fort-Beach-Fortaleza-da-Barra-Grande-em-Guaruja.pdf\" class=\"wp-block-file__button wp-element-button\" download aria-describedby=\"wp-block-file--media-feb560f7-fffb-473e-a8c3-7b61956e27d2\">Baixar<\/a><\/div>\n\n\n\n<h2 class=\"wp-block-heading\" id=\"h-saiu-na-midia\">SAIU NA M\u00cdDIA<\/h2>\n\n\n\n<figure class=\"wp-block-image size-full\"><img decoding=\"async\" width=\"530\" height=\"896\" src=\"https:\/\/guaruja.org.br\/aguaviva\/wp-content\/uploads\/2024\/01\/image-1.png\" alt=\"\" class=\"wp-image-1113\" srcset=\"https:\/\/guaruja.org.br\/aguaviva\/wp-content\/uploads\/2024\/01\/image-1.png 530w, https:\/\/guaruja.org.br\/aguaviva\/wp-content\/uploads\/2024\/01\/image-1-177x300.png 177w\" sizes=\"(max-width: 530px) 100vw, 530px\" \/><\/figure>\n\n\n\n<p><a href=\"https:\/\/agencia3.jornalfloripa.com.br\/abrir\/349832\">https:\/\/agencia3.jornalfloripa.com.br\/abrir\/349832<\/a><\/p>\n\n\n\n<p><a href=\"https:\/\/revistaplateia.com.br\/2023\/12\/18\/festa-na-fortaleza-da-barra-e-adiada-apos-denuncia-de-associacao-em-guaruja-sp\">https:\/\/revistaplateia.com.br\/2023\/12\/18\/festa-na-fortaleza-da-barra-e-adiada-apos-denuncia-de-associacao-em-guaruja-sp<\/a><\/p>\n\n\n\n<figure class=\"wp-block-embed is-type-wp-embed is-provider-guarujamix wp-block-embed-guarujamix\"><div class=\"wp-block-embed__wrapper\">\n<blockquote class=\"wp-embedded-content\" data-secret=\"XLTmTRns5g\"><a href=\"https:\/\/guarujamix.com\/2023\/12\/18\/festa-na-fortaleza-da-barra-e-adiada-apos-denuncia-de-associacao-em-guaruja-sp\/\">Festa na Fortaleza da Barra \u00e9 adiada ap\u00f3s den\u00fancia de associa\u00e7\u00e3o em Guaruj\u00e1, SP<\/a><\/blockquote><iframe class=\"wp-embedded-content\" sandbox=\"allow-scripts\" security=\"restricted\" style=\"position: absolute; visibility: hidden;\" title=\"&#8220;Festa na Fortaleza da Barra \u00e9 adiada ap\u00f3s den\u00fancia de associa\u00e7\u00e3o em Guaruj\u00e1, SP&#8221; &#8212; GuarujaMix\" src=\"https:\/\/guarujamix.com\/2023\/12\/18\/festa-na-fortaleza-da-barra-e-adiada-apos-denuncia-de-associacao-em-guaruja-sp\/embed\/#?secret=J3qaske4sR#?secret=XLTmTRns5g\" data-secret=\"XLTmTRns5g\" width=\"600\" height=\"338\" frameborder=\"0\" marginwidth=\"0\" marginheight=\"0\" scrolling=\"no\"><\/iframe>\n<\/div><\/figure>\n\n\n\n<p><a href=\"https:\/\/www.atribuna.com.br\/cidades\/guaruja\/associacao-contesta-festas-sem-autorizacao-na-fortaleza-da-barra-grande-no-litoral-de-sp\" target=\"_blank\" rel=\"noreferrer noopener\">https:\/\/www.atribuna.com.br\/cidades\/guaruja\/associacao-contesta-festas-sem-autorizacao-na-fortaleza-da-barra-grande-no-litoral-de-sp<\/a><\/p>\n\n\n\n<p><a href=\"https:\/\/g1.globo.com\/sp\/santos-regiao\/noticia\/2023\/12\/15\/festas-na-fortaleza-da-barra-considerada-patrimonio-historico-sao-alvo-de-denuncia-em-guaruja-sp.ghtml?utm_source=share-universal&amp;utm_medium=share-bar-app&amp;utm_campaign=materias\" target=\"_blank\" rel=\"noreferrer noopener\">https:\/\/g1.globo.com\/sp\/santos-regiao\/noticia\/2023\/12\/15\/festas-na-fortaleza-da-barra-considerada-patrimonio-historico-sao-alvo-de-denuncia-em-guaruja-sp.ghtml?utm_source=share-universal&amp;utm_medium=share-bar-app&amp;utm_campaign=materias<\/a><\/p>\n\n\n\n<p><a href=\"https:\/\/dnews.com.br\/festas-na-fortaleza-da-barra-considerada-patrimonio-historico-sao-alvo-de-denuncia-em-guaruja\/\">https:\/\/dnews.com.br\/festas-na-fortaleza-da-barra-considerada-patrimonio-historico-sao-alvo-de-denuncia-em-guaruja\/<\/a><\/p>\n\n\n\n<p><a href=\"https:\/\/jornaldobelem.com.br\/noticia\/24968\/aguaviva-quer-explicacoes-sobre-realizacao-de-festas-na-fortaleza-da-barra-grande\" target=\"_blank\" rel=\"noreferrer noopener\">https:\/\/jornaldobelem.com.br\/noticia\/24968\/aguaviva-quer-explicacoes-sobre-realizacao-de-festas-na-fortaleza-da-barra-grande<\/a><\/p>\n\n\n\n<p><a href=\"https:\/\/itaqueraemnoticias.com.br\/noticia\/65569\/aguaviva-quer-explicacoes-sobre-realizacao-de-festas-na-fortaleza-da-barra\">https:\/\/itaqueraemnoticias.com.br\/noticia\/65569\/aguaviva-quer-explicacoes-sobre-realizacao-de-festas-na-fortaleza-da-barra<\/a><\/p>\n\n\n\n<p><a href=\"https:\/\/gazetadasemana.com.br\/noticia\/148489\/aguaviva-quer-explicacoes-sobre-realizacao-de-festas-na-fortaleza-da-barra-grande\">https:\/\/gazetadasemana.com.br\/noticia\/148489\/aguaviva-quer-explicacoes-sobre-realizacao-de-festas-na-fortaleza-da-barra-grande<\/a><\/p>\n\n\n\n<p><a href=\"https:\/\/www.jornalmegalopole.com.br\/noticia\/aguaviva-quer-explicacoes-sobre-realizacao-de-festas-na-fortaleza-da-barra-grande\">https:\/\/www.jornalmegalopole.com.br\/noticia\/aguaviva-quer-explicacoes-sobre-realizacao-de-festas-na-fortaleza-da-barra-grande<\/a><\/p>\n\n\n\n<p><a href=\"https:\/\/www.instagram.com\/p\/C0_yQrQOn2e\/?igshid=YWYwM2I1ZDdmOQ==\">https:\/\/www.instagram.com\/p\/C0_yQrQOn2e\/?igshid=YWYwM2I1ZDdmOQ==<\/a><\/p>\n\n\n\n<p><a href=\"https:\/\/www.radioilhafm.com.br\/news-festa-na-fortaleza-da-barra-e-adiada-apos-denuncia-de-associacao-em-guaruja-sp\">https:\/\/www.radioilhafm.com.br\/news-festa-na-fortaleza-da-barra-e-adiada-apos-denuncia-de-associacao-em-guaruja-sp<\/a><\/p>\n\n\n\n<p><a href=\"https:\/\/dnews.com.br\/festa-na-fortaleza-da-barra-e-adiada-apos-denuncia-de-associacao-em-guaruja-sp\/\">https:\/\/dnews.com.br\/festa-na-fortaleza-da-barra-e-adiada-apos-denuncia-de-associacao-em-guaruja-sp\/<\/a><\/p>\n\n\n\n<h2 class=\"wp-block-heading\" id=\"h-atualizacao-do-caso\">Atualiza\u00e7\u00e3o do Caso<\/h2>\n\n\n\n<figure class=\"wp-block-embed is-type-wp-embed is-provider-aguaviva wp-block-embed-aguaviva\"><div class=\"wp-block-embed__wrapper\">\n<blockquote class=\"wp-embedded-content\" data-secret=\"zKMshTORUt\"><a href=\"https:\/\/guaruja.org.br\/aguaviva\/associacao-guaruja-viva-denuncia-irregularidades-na-fortaleza-da-barra-grande-noticia-de-fato-cadastrada-com-sucesso\/\">Associa\u00e7\u00e3o Guaruj\u00e1 Viva Denuncia Irregularidades na Fortaleza da Barra Grande: Not\u00edcia de Fato Cadastrada com Sucesso<\/a><\/blockquote><iframe class=\"wp-embedded-content\" sandbox=\"allow-scripts\" security=\"restricted\" style=\"position: absolute; visibility: hidden;\" title=\"&#8220;Associa\u00e7\u00e3o Guaruj\u00e1 Viva Denuncia Irregularidades na Fortaleza da Barra Grande: Not\u00edcia de Fato Cadastrada com Sucesso&#8221; &#8212; AGUAVIVA\" src=\"https:\/\/guaruja.org.br\/aguaviva\/associacao-guaruja-viva-denuncia-irregularidades-na-fortaleza-da-barra-grande-noticia-de-fato-cadastrada-com-sucesso\/embed\/#?secret=UQbtaE7neY#?secret=zKMshTORUt\" data-secret=\"zKMshTORUt\" width=\"600\" height=\"338\" frameborder=\"0\" marginwidth=\"0\" marginheight=\"0\" scrolling=\"no\"><\/iframe>\n<\/div><\/figure>\n","protected":false},"excerpt":{"rendered":"<p>A Associa\u00e7\u00e3o Guaruj\u00e1 Viva (\u00c1gua Viva) informa que o Minist\u00e9rio P\u00fablico Federal (MPF), por meio da Procuradoria da Rep\u00fablica no Munic\u00edpio de Santos, arquivou o Inqu\u00e9rito Civil n\u00ba 1.34.012.000796\/2023-22. O procedimento investigou poss\u00edveis irregularidades na realiza\u00e7\u00e3o de eventos na Fortaleza da Barra Grande, um patrim\u00f4nio hist\u00f3rico nacional tombado pelo IPHAN, localizada no Guaruj\u00e1\/SP. Entenda o [&hellip;]<\/p>\n","protected":false},"featured_media":1057,"template":"","class_list":["post-1060","nossas-acoes","type-nossas-acoes","status-publish","has-post-thumbnail","hentry"],"yoast_head":"<!-- This site is optimized with the Yoast SEO Premium plugin v26.7 (Yoast SEO v26.7) - https:\/\/yoast.com\/wordpress\/plugins\/seo\/ -->\n<title>Arquivamento de Inqu\u00e9rito Civil sobre Eventos na Fortaleza da Barra Grande - AGUAVIVA<\/title>\n<meta name=\"robots\" content=\"index, follow, max-snippet:-1, max-image-preview:large, max-video-preview:-1\" \/>\n<link rel=\"canonical\" href=\"https:\/\/guaruja.org.br\/aguaviva\/nossas-acoes\/arquivamento-de-inquerito-civil-sobre-eventos-na-fortaleza-da-barra-grande\/\" \/>\n<meta property=\"og:locale\" content=\"pt_BR\" \/>\n<meta property=\"og:type\" content=\"article\" \/>\n<meta property=\"og:title\" content=\"Arquivamento de Inqu\u00e9rito Civil sobre Eventos na Fortaleza da Barra Grande\" \/>\n<meta property=\"og:description\" content=\"A Associa\u00e7\u00e3o Guaruj\u00e1 Viva (\u00c1gua Viva) informa que o Minist\u00e9rio P\u00fablico Federal (MPF), por meio da Procuradoria da Rep\u00fablica no Munic\u00edpio de Santos, arquivou o Inqu\u00e9rito Civil n\u00ba 1.34.012.000796\/2023-22. O procedimento investigou poss\u00edveis irregularidades na realiza\u00e7\u00e3o de eventos na Fortaleza da Barra Grande, um patrim\u00f4nio hist\u00f3rico nacional tombado pelo IPHAN, localizada no Guaruj\u00e1\/SP. Entenda o [&hellip;]\" \/>\n<meta property=\"og:url\" content=\"https:\/\/guaruja.org.br\/aguaviva\/nossas-acoes\/arquivamento-de-inquerito-civil-sobre-eventos-na-fortaleza-da-barra-grande\/\" \/>\n<meta property=\"og:site_name\" content=\"AGUAVIVA\" \/>\n<meta property=\"article:publisher\" content=\"https:\/\/www.facebook.com\/guarujaaguaviva\" \/>\n<meta property=\"article:modified_time\" content=\"2024-12-17T18:30:23+00:00\" \/>\n<meta property=\"og:image\" content=\"https:\/\/guaruja.org.br\/aguaviva\/wp-content\/uploads\/2023\/12\/Fortaleza-da-Barra-Grande-em-Guaruja-SP.jpeg\" \/>\n\t<meta property=\"og:image:width\" content=\"275\" \/>\n\t<meta property=\"og:image:height\" content=\"183\" \/>\n\t<meta property=\"og:image:type\" content=\"image\/jpeg\" \/>\n<meta name=\"twitter:card\" content=\"summary_large_image\" \/>\n<meta name=\"twitter:label1\" content=\"Est. tempo de leitura\" \/>\n\t<meta name=\"twitter:data1\" content=\"4 minutos\" \/>\n<script type=\"application\/ld+json\" class=\"yoast-schema-graph\">{\"@context\":\"https:\/\/schema.org\",\"@graph\":[{\"@type\":\"WebPage\",\"@id\":\"https:\/\/guaruja.org.br\/aguaviva\/nossas-acoes\/arquivamento-de-inquerito-civil-sobre-eventos-na-fortaleza-da-barra-grande\/\",\"url\":\"https:\/\/guaruja.org.br\/aguaviva\/nossas-acoes\/arquivamento-de-inquerito-civil-sobre-eventos-na-fortaleza-da-barra-grande\/\",\"name\":\"Arquivamento de Inqu\u00e9rito Civil sobre Eventos na Fortaleza da Barra Grande - AGUAVIVA\",\"isPartOf\":{\"@id\":\"https:\/\/guaruja.org.br\/aguaviva\/#website\"},\"primaryImageOfPage\":{\"@id\":\"https:\/\/guaruja.org.br\/aguaviva\/nossas-acoes\/arquivamento-de-inquerito-civil-sobre-eventos-na-fortaleza-da-barra-grande\/#primaryimage\"},\"image\":{\"@id\":\"https:\/\/guaruja.org.br\/aguaviva\/nossas-acoes\/arquivamento-de-inquerito-civil-sobre-eventos-na-fortaleza-da-barra-grande\/#primaryimage\"},\"thumbnailUrl\":\"https:\/\/guaruja.org.br\/aguaviva\/wp-content\/uploads\/2023\/12\/Fortaleza-da-Barra-Grande-em-Guaruja-SP.jpeg\",\"datePublished\":\"2024-12-11T19:10:47+00:00\",\"dateModified\":\"2024-12-17T18:30:23+00:00\",\"breadcrumb\":{\"@id\":\"https:\/\/guaruja.org.br\/aguaviva\/nossas-acoes\/arquivamento-de-inquerito-civil-sobre-eventos-na-fortaleza-da-barra-grande\/#breadcrumb\"},\"inLanguage\":\"pt-BR\",\"potentialAction\":[{\"@type\":\"ReadAction\",\"target\":[\"https:\/\/guaruja.org.br\/aguaviva\/nossas-acoes\/arquivamento-de-inquerito-civil-sobre-eventos-na-fortaleza-da-barra-grande\/\"]}]},{\"@type\":\"ImageObject\",\"inLanguage\":\"pt-BR\",\"@id\":\"https:\/\/guaruja.org.br\/aguaviva\/nossas-acoes\/arquivamento-de-inquerito-civil-sobre-eventos-na-fortaleza-da-barra-grande\/#primaryimage\",\"url\":\"https:\/\/guaruja.org.br\/aguaviva\/wp-content\/uploads\/2023\/12\/Fortaleza-da-Barra-Grande-em-Guaruja-SP.jpeg\",\"contentUrl\":\"https:\/\/guaruja.org.br\/aguaviva\/wp-content\/uploads\/2023\/12\/Fortaleza-da-Barra-Grande-em-Guaruja-SP.jpeg\",\"width\":275,\"height\":183},{\"@type\":\"BreadcrumbList\",\"@id\":\"https:\/\/guaruja.org.br\/aguaviva\/nossas-acoes\/arquivamento-de-inquerito-civil-sobre-eventos-na-fortaleza-da-barra-grande\/#breadcrumb\",\"itemListElement\":[{\"@type\":\"ListItem\",\"position\":1,\"name\":\"In\u00edcio\",\"item\":\"https:\/\/guaruja.org.br\/aguaviva\/\"},{\"@type\":\"ListItem\",\"position\":2,\"name\":\"Nossas A\u00e7\u00f5es\",\"item\":\"https:\/\/guaruja.org.br\/aguaviva\/nossas-acoes\/\"},{\"@type\":\"ListItem\",\"position\":3,\"name\":\"Arquivamento de Inqu\u00e9rito Civil sobre Eventos na Fortaleza da Barra Grande\"}]},{\"@type\":\"WebSite\",\"@id\":\"https:\/\/guaruja.org.br\/aguaviva\/#website\",\"url\":\"https:\/\/guaruja.org.br\/aguaviva\/\",\"name\":\"AGUAVIVA\",\"description\":\"Associa\u00e7\u00e3o Guaruj\u00e1 Viva\",\"publisher\":{\"@id\":\"https:\/\/guaruja.org.br\/aguaviva\/#organization\"},\"alternateName\":\"AGUAVIVA\",\"potentialAction\":[{\"@type\":\"SearchAction\",\"target\":{\"@type\":\"EntryPoint\",\"urlTemplate\":\"https:\/\/guaruja.org.br\/aguaviva\/?s={search_term_string}\"},\"query-input\":{\"@type\":\"PropertyValueSpecification\",\"valueRequired\":true,\"valueName\":\"search_term_string\"}}],\"inLanguage\":\"pt-BR\"},{\"@type\":\"Organization\",\"@id\":\"https:\/\/guaruja.org.br\/aguaviva\/#organization\",\"name\":\"AGUAVIVA\",\"alternateName\":\"AGUAVIVA\",\"url\":\"https:\/\/guaruja.org.br\/aguaviva\/\",\"logo\":{\"@type\":\"ImageObject\",\"inLanguage\":\"pt-BR\",\"@id\":\"https:\/\/guaruja.org.br\/aguaviva\/#\/schema\/logo\/image\/\",\"url\":\"https:\/\/guaruja.org.br\/aguaviva\/wp-content\/uploads\/2025\/03\/logo-aguaviva-horizontal.png\",\"contentUrl\":\"https:\/\/guaruja.org.br\/aguaviva\/wp-content\/uploads\/2025\/03\/logo-aguaviva-horizontal.png\",\"width\":3280,\"height\":1080,\"caption\":\"AGUAVIVA\"},\"image\":{\"@id\":\"https:\/\/guaruja.org.br\/aguaviva\/#\/schema\/logo\/image\/\"},\"sameAs\":[\"https:\/\/www.facebook.com\/guarujaaguaviva\",\"https:\/\/www.instagram.com\/aguavivaguaruja\/\"]}]}<\/script>\n<!-- \/ Yoast SEO Premium plugin. -->","yoast_head_json":{"title":"Arquivamento de Inqu\u00e9rito Civil sobre Eventos na Fortaleza da Barra Grande - AGUAVIVA","robots":{"index":"index","follow":"follow","max-snippet":"max-snippet:-1","max-image-preview":"max-image-preview:large","max-video-preview":"max-video-preview:-1"},"canonical":"https:\/\/guaruja.org.br\/aguaviva\/nossas-acoes\/arquivamento-de-inquerito-civil-sobre-eventos-na-fortaleza-da-barra-grande\/","og_locale":"pt_BR","og_type":"article","og_title":"Arquivamento de Inqu\u00e9rito Civil sobre Eventos na Fortaleza da Barra Grande","og_description":"A Associa\u00e7\u00e3o Guaruj\u00e1 Viva (\u00c1gua Viva) informa que o Minist\u00e9rio P\u00fablico Federal (MPF), por meio da Procuradoria da Rep\u00fablica no Munic\u00edpio de Santos, arquivou o Inqu\u00e9rito Civil n\u00ba 1.34.012.000796\/2023-22. O procedimento investigou poss\u00edveis irregularidades na realiza\u00e7\u00e3o de eventos na Fortaleza da Barra Grande, um patrim\u00f4nio hist\u00f3rico nacional tombado pelo IPHAN, localizada no Guaruj\u00e1\/SP. Entenda o [&hellip;]","og_url":"https:\/\/guaruja.org.br\/aguaviva\/nossas-acoes\/arquivamento-de-inquerito-civil-sobre-eventos-na-fortaleza-da-barra-grande\/","og_site_name":"AGUAVIVA","article_publisher":"https:\/\/www.facebook.com\/guarujaaguaviva","article_modified_time":"2024-12-17T18:30:23+00:00","og_image":[{"width":275,"height":183,"url":"https:\/\/guaruja.org.br\/aguaviva\/wp-content\/uploads\/2023\/12\/Fortaleza-da-Barra-Grande-em-Guaruja-SP.jpeg","type":"image\/jpeg"}],"twitter_card":"summary_large_image","twitter_misc":{"Est. tempo de leitura":"4 minutos"},"schema":{"@context":"https:\/\/schema.org","@graph":[{"@type":"WebPage","@id":"https:\/\/guaruja.org.br\/aguaviva\/nossas-acoes\/arquivamento-de-inquerito-civil-sobre-eventos-na-fortaleza-da-barra-grande\/","url":"https:\/\/guaruja.org.br\/aguaviva\/nossas-acoes\/arquivamento-de-inquerito-civil-sobre-eventos-na-fortaleza-da-barra-grande\/","name":"Arquivamento de Inqu\u00e9rito Civil sobre Eventos na Fortaleza da Barra Grande - AGUAVIVA","isPartOf":{"@id":"https:\/\/guaruja.org.br\/aguaviva\/#website"},"primaryImageOfPage":{"@id":"https:\/\/guaruja.org.br\/aguaviva\/nossas-acoes\/arquivamento-de-inquerito-civil-sobre-eventos-na-fortaleza-da-barra-grande\/#primaryimage"},"image":{"@id":"https:\/\/guaruja.org.br\/aguaviva\/nossas-acoes\/arquivamento-de-inquerito-civil-sobre-eventos-na-fortaleza-da-barra-grande\/#primaryimage"},"thumbnailUrl":"https:\/\/guaruja.org.br\/aguaviva\/wp-content\/uploads\/2023\/12\/Fortaleza-da-Barra-Grande-em-Guaruja-SP.jpeg","datePublished":"2024-12-11T19:10:47+00:00","dateModified":"2024-12-17T18:30:23+00:00","breadcrumb":{"@id":"https:\/\/guaruja.org.br\/aguaviva\/nossas-acoes\/arquivamento-de-inquerito-civil-sobre-eventos-na-fortaleza-da-barra-grande\/#breadcrumb"},"inLanguage":"pt-BR","potentialAction":[{"@type":"ReadAction","target":["https:\/\/guaruja.org.br\/aguaviva\/nossas-acoes\/arquivamento-de-inquerito-civil-sobre-eventos-na-fortaleza-da-barra-grande\/"]}]},{"@type":"ImageObject","inLanguage":"pt-BR","@id":"https:\/\/guaruja.org.br\/aguaviva\/nossas-acoes\/arquivamento-de-inquerito-civil-sobre-eventos-na-fortaleza-da-barra-grande\/#primaryimage","url":"https:\/\/guaruja.org.br\/aguaviva\/wp-content\/uploads\/2023\/12\/Fortaleza-da-Barra-Grande-em-Guaruja-SP.jpeg","contentUrl":"https:\/\/guaruja.org.br\/aguaviva\/wp-content\/uploads\/2023\/12\/Fortaleza-da-Barra-Grande-em-Guaruja-SP.jpeg","width":275,"height":183},{"@type":"BreadcrumbList","@id":"https:\/\/guaruja.org.br\/aguaviva\/nossas-acoes\/arquivamento-de-inquerito-civil-sobre-eventos-na-fortaleza-da-barra-grande\/#breadcrumb","itemListElement":[{"@type":"ListItem","position":1,"name":"In\u00edcio","item":"https:\/\/guaruja.org.br\/aguaviva\/"},{"@type":"ListItem","position":2,"name":"Nossas A\u00e7\u00f5es","item":"https:\/\/guaruja.org.br\/aguaviva\/nossas-acoes\/"},{"@type":"ListItem","position":3,"name":"Arquivamento de Inqu\u00e9rito Civil sobre Eventos na Fortaleza da Barra Grande"}]},{"@type":"WebSite","@id":"https:\/\/guaruja.org.br\/aguaviva\/#website","url":"https:\/\/guaruja.org.br\/aguaviva\/","name":"AGUAVIVA","description":"Associa\u00e7\u00e3o Guaruj\u00e1 Viva","publisher":{"@id":"https:\/\/guaruja.org.br\/aguaviva\/#organization"},"alternateName":"AGUAVIVA","potentialAction":[{"@type":"SearchAction","target":{"@type":"EntryPoint","urlTemplate":"https:\/\/guaruja.org.br\/aguaviva\/?s={search_term_string}"},"query-input":{"@type":"PropertyValueSpecification","valueRequired":true,"valueName":"search_term_string"}}],"inLanguage":"pt-BR"},{"@type":"Organization","@id":"https:\/\/guaruja.org.br\/aguaviva\/#organization","name":"AGUAVIVA","alternateName":"AGUAVIVA","url":"https:\/\/guaruja.org.br\/aguaviva\/","logo":{"@type":"ImageObject","inLanguage":"pt-BR","@id":"https:\/\/guaruja.org.br\/aguaviva\/#\/schema\/logo\/image\/","url":"https:\/\/guaruja.org.br\/aguaviva\/wp-content\/uploads\/2025\/03\/logo-aguaviva-horizontal.png","contentUrl":"https:\/\/guaruja.org.br\/aguaviva\/wp-content\/uploads\/2025\/03\/logo-aguaviva-horizontal.png","width":3280,"height":1080,"caption":"AGUAVIVA"},"image":{"@id":"https:\/\/guaruja.org.br\/aguaviva\/#\/schema\/logo\/image\/"},"sameAs":["https:\/\/www.facebook.com\/guarujaaguaviva","https:\/\/www.instagram.com\/aguavivaguaruja\/"]}]}},"_links":{"self":[{"href":"https:\/\/guaruja.org.br\/aguaviva\/wp-json\/wp\/v2\/nossas-acoes\/1060","targetHints":{"allow":["GET"]}}],"collection":[{"href":"https:\/\/guaruja.org.br\/aguaviva\/wp-json\/wp\/v2\/nossas-acoes"}],"about":[{"href":"https:\/\/guaruja.org.br\/aguaviva\/wp-json\/wp\/v2\/types\/nossas-acoes"}],"version-history":[{"count":0,"href":"https:\/\/guaruja.org.br\/aguaviva\/wp-json\/wp\/v2\/nossas-acoes\/1060\/revisions"}],"wp:featuredmedia":[{"embeddable":true,"href":"https:\/\/guaruja.org.br\/aguaviva\/wp-json\/wp\/v2\/media\/1057"}],"wp:attachment":[{"href":"https:\/\/guaruja.org.br\/aguaviva\/wp-json\/wp\/v2\/media?parent=1060"}],"curies":[{"name":"wp","href":"https:\/\/api.w.org\/{rel}","templated":true}]}}