{"id":1180,"date":"2024-01-09T16:40:04","date_gmt":"2024-01-09T19:40:04","guid":{"rendered":"https:\/\/guaruja.org.br\/aguaviva\/?post_type=nossas-acoes&#038;p=1180"},"modified":"2024-01-29T18:57:54","modified_gmt":"2024-01-29T21:57:54","slug":"aguaviva-pede-atencao-para-a-qualidade-da-agua-e-da-areia-das-praias-de-guaruja","status":"publish","type":"nossas-acoes","link":"https:\/\/guaruja.org.br\/aguaviva\/nossas-acoes\/aguaviva-pede-atencao-para-a-qualidade-da-agua-e-da-areia-das-praias-de-guaruja\/","title":{"rendered":"Aguaviva pede aten\u00e7\u00e3o para a qualidade da \u00e1gua e da areia das praias de Guaruj\u00e1"},"content":{"rendered":"\n<p>A an\u00e1lise da balneabilidade das praias \u00e9 realizada com base na m\u00e9dia dos resultados coletados nas \u00faltimas 4 semanas. Para conduzir a an\u00e1lise, um profissional adentra a \u00e1gua do mar at\u00e9 a altura dos quadris e coleta uma amostra. Essa amostra \u00e9 encaminhada ao laborat\u00f3rio de an\u00e1lises, e quando o resultado \u00e9 divulgado, pode n\u00e3o refletir a situa\u00e7\u00e3o atual, permitindo a emiss\u00e3o de um falso positivo ou falso negativo.<\/p>\n\n\n\n<p>A presen\u00e7a de l\u00ednguas de polui\u00e7\u00e3o nas praias indica a chegada de \u00e1gua suja na areia e nas \u00e1guas do mar. Na data de hoje, 09\/01\/2024, a \u00c1guaViva coletou amostras nas praias das Ast\u00farias e Pitangueiras e as encaminhou para o Laborat\u00f3rio de An\u00e1lises, onde ser\u00e1 realizada a colimetria, an\u00e1lise da presen\u00e7a e da quantidade de coliformes fecais (an\u00e1lise quantitativa).<\/p>\n\n\n\n<figure class=\"wp-block-image size-large\"><img fetchpriority=\"high\" decoding=\"async\" width=\"1024\" height=\"719\" src=\"https:\/\/guaruja.org.br\/aguaviva\/wp-content\/uploads\/2024\/01\/protocolo-analises-1024x719.jpg\" alt=\"\" class=\"wp-image-1219\" srcset=\"https:\/\/guaruja.org.br\/aguaviva\/wp-content\/uploads\/2024\/01\/protocolo-analises-1024x719.jpg 1024w, https:\/\/guaruja.org.br\/aguaviva\/wp-content\/uploads\/2024\/01\/protocolo-analises-300x211.jpg 300w, https:\/\/guaruja.org.br\/aguaviva\/wp-content\/uploads\/2024\/01\/protocolo-analises-768x540.jpg 768w, https:\/\/guaruja.org.br\/aguaviva\/wp-content\/uploads\/2024\/01\/protocolo-analises.jpg 1089w\" sizes=\"(max-width: 1024px) 100vw, 1024px\" \/><\/figure>\n\n\n\n<p>No final do ano passado, a \u00c1guaViva coletou amostras na Praia dos Tombo (Bandeira Azul) e Ast\u00farias, revelando a presen\u00e7a de coliformes fecais (an\u00e1lise qualitativa). <\/p>\n\n\n\n<p>Diante da divulga\u00e7\u00e3o das provid\u00eancias das \u00c1guaViva, a Prefeitura de Guaruj\u00e1, como em outras ocasi\u00f5es, fez o espalhamento da areia da praia com uma m\u00e1quina encobrindo a \u00e1rea afetada pela \u00e1gua suja e disfar\u00e7ando o problema.<\/p>\n\n\n\n<div data-wp-interactive=\"core\/file\" class=\"wp-block-file\"><object data-wp-bind--hidden=\"!state.hasPdfPreview\" hidden class=\"wp-block-file__embed\" data=\"https:\/\/guaruja.org.br\/aguaviva\/wp-content\/uploads\/2024\/01\/resultado-analises-2.pdf\" type=\"application\/pdf\" style=\"width:100%;height:600px\" aria-label=\"Incorporado de resultado-analises-2.\"><\/object><a id=\"wp-block-file--media-599b4177-a2b2-4a94-9c28-79a720734e75\" href=\"https:\/\/guaruja.org.br\/aguaviva\/wp-content\/uploads\/2024\/01\/resultado-analises-2.pdf\">resultado-analises-2<\/a><a href=\"https:\/\/guaruja.org.br\/aguaviva\/wp-content\/uploads\/2024\/01\/resultado-analises-2.pdf\" class=\"wp-block-file__button wp-element-button\" download aria-describedby=\"wp-block-file--media-599b4177-a2b2-4a94-9c28-79a720734e75\">Baixar<\/a><\/div>\n\n\n\n<p><strong><em>A \u00c1guaViva permanece vigilante e exige solu\u00e7\u00f5es definitivas para o problema para assegurar a qualidade das praias e a sa\u00fade p\u00fablica.<\/em><\/strong><\/p>\n\n\n\n<h2 class=\"wp-block-heading\">Vistoria nas Praias das Ast\u00farias e Pitangueiras<\/h2>\n\n\n\n<p>Em vistoria realizada nesta ter\u00e7a-feira, dia 09\/01\/2024, a \u00c1guaViva registrou imagens que chamam a aten\u00e7\u00e3o de quem frequentas as praias de Pitangueiras e Ast\u00farias,<\/p>\n\n\n\n<p>Apesar das praias ostentarem a bandeira verde, indicando condi\u00e7\u00f5es adequadas para o banho de mar, as lentes atentas da \u00c1guaViva capturaram imagens alarmantes de l\u00ednguas de esgoto atingindo essas preciosas \u00e1reas costeiras. <\/p>\n\n\n\n<figure class=\"wp-block-gallery has-nested-images columns-default is-cropped wp-block-gallery-1 is-layout-flex wp-block-gallery-is-layout-flex\">\n<figure class=\"wp-block-image size-large\"><img decoding=\"async\" width=\"1024\" height=\"768\" data-id=\"1189\" src=\"https:\/\/guaruja.org.br\/aguaviva\/wp-content\/uploads\/2024\/01\/Vistoria-praias-guaruja-01-1024x768.jpg\" alt=\"\" class=\"wp-image-1189\" srcset=\"https:\/\/guaruja.org.br\/aguaviva\/wp-content\/uploads\/2024\/01\/Vistoria-praias-guaruja-01-1024x768.jpg 1024w, https:\/\/guaruja.org.br\/aguaviva\/wp-content\/uploads\/2024\/01\/Vistoria-praias-guaruja-01-300x225.jpg 300w, https:\/\/guaruja.org.br\/aguaviva\/wp-content\/uploads\/2024\/01\/Vistoria-praias-guaruja-01-768x576.jpg 768w, https:\/\/guaruja.org.br\/aguaviva\/wp-content\/uploads\/2024\/01\/Vistoria-praias-guaruja-01-1536x1152.jpg 1536w, https:\/\/guaruja.org.br\/aguaviva\/wp-content\/uploads\/2024\/01\/Vistoria-praias-guaruja-01.jpg 1600w\" sizes=\"(max-width: 1024px) 100vw, 1024px\" \/><\/figure>\n\n\n\n<figure class=\"wp-block-image size-large\"><img decoding=\"async\" width=\"768\" height=\"1024\" data-id=\"1185\" src=\"https:\/\/guaruja.org.br\/aguaviva\/wp-content\/uploads\/2024\/01\/Vistoria-praias-guaruja-02-768x1024.jpg\" alt=\"\" class=\"wp-image-1185\" srcset=\"https:\/\/guaruja.org.br\/aguaviva\/wp-content\/uploads\/2024\/01\/Vistoria-praias-guaruja-02-768x1024.jpg 768w, https:\/\/guaruja.org.br\/aguaviva\/wp-content\/uploads\/2024\/01\/Vistoria-praias-guaruja-02-225x300.jpg 225w, https:\/\/guaruja.org.br\/aguaviva\/wp-content\/uploads\/2024\/01\/Vistoria-praias-guaruja-02-1152x1536.jpg 1152w, https:\/\/guaruja.org.br\/aguaviva\/wp-content\/uploads\/2024\/01\/Vistoria-praias-guaruja-02.jpg 1200w\" sizes=\"(max-width: 768px) 100vw, 768px\" \/><\/figure>\n\n\n\n<figure class=\"wp-block-image size-large\"><img loading=\"lazy\" decoding=\"async\" width=\"768\" height=\"1024\" data-id=\"1187\" src=\"https:\/\/guaruja.org.br\/aguaviva\/wp-content\/uploads\/2024\/01\/Vistoria-praias-guaruja-03-768x1024.jpg\" alt=\"\" class=\"wp-image-1187\" srcset=\"https:\/\/guaruja.org.br\/aguaviva\/wp-content\/uploads\/2024\/01\/Vistoria-praias-guaruja-03-768x1024.jpg 768w, https:\/\/guaruja.org.br\/aguaviva\/wp-content\/uploads\/2024\/01\/Vistoria-praias-guaruja-03-225x300.jpg 225w, https:\/\/guaruja.org.br\/aguaviva\/wp-content\/uploads\/2024\/01\/Vistoria-praias-guaruja-03-1152x1536.jpg 1152w, https:\/\/guaruja.org.br\/aguaviva\/wp-content\/uploads\/2024\/01\/Vistoria-praias-guaruja-03.jpg 1200w\" sizes=\"(max-width: 768px) 100vw, 768px\" \/><\/figure>\n\n\n\n<figure class=\"wp-block-image size-large\"><img loading=\"lazy\" decoding=\"async\" width=\"1024\" height=\"768\" data-id=\"1190\" src=\"https:\/\/guaruja.org.br\/aguaviva\/wp-content\/uploads\/2024\/01\/Vistoria-praias-guaruja-04-1024x768.jpg\" alt=\"\" class=\"wp-image-1190\" srcset=\"https:\/\/guaruja.org.br\/aguaviva\/wp-content\/uploads\/2024\/01\/Vistoria-praias-guaruja-04-1024x768.jpg 1024w, https:\/\/guaruja.org.br\/aguaviva\/wp-content\/uploads\/2024\/01\/Vistoria-praias-guaruja-04-300x225.jpg 300w, https:\/\/guaruja.org.br\/aguaviva\/wp-content\/uploads\/2024\/01\/Vistoria-praias-guaruja-04-768x576.jpg 768w, https:\/\/guaruja.org.br\/aguaviva\/wp-content\/uploads\/2024\/01\/Vistoria-praias-guaruja-04-1536x1152.jpg 1536w, https:\/\/guaruja.org.br\/aguaviva\/wp-content\/uploads\/2024\/01\/Vistoria-praias-guaruja-04.jpg 1600w\" sizes=\"(max-width: 1024px) 100vw, 1024px\" \/><\/figure>\n\n\n\n<figure class=\"wp-block-image size-large\"><img loading=\"lazy\" decoding=\"async\" width=\"768\" height=\"1024\" data-id=\"1186\" src=\"https:\/\/guaruja.org.br\/aguaviva\/wp-content\/uploads\/2024\/01\/Vistoria-praias-guaruja-05-768x1024.jpg\" alt=\"\" class=\"wp-image-1186\" srcset=\"https:\/\/guaruja.org.br\/aguaviva\/wp-content\/uploads\/2024\/01\/Vistoria-praias-guaruja-05-768x1024.jpg 768w, https:\/\/guaruja.org.br\/aguaviva\/wp-content\/uploads\/2024\/01\/Vistoria-praias-guaruja-05-225x300.jpg 225w, https:\/\/guaruja.org.br\/aguaviva\/wp-content\/uploads\/2024\/01\/Vistoria-praias-guaruja-05-1152x1536.jpg 1152w, https:\/\/guaruja.org.br\/aguaviva\/wp-content\/uploads\/2024\/01\/Vistoria-praias-guaruja-05.jpg 1200w\" sizes=\"(max-width: 768px) 100vw, 768px\" \/><\/figure>\n\n\n\n<figure class=\"wp-block-image size-large\"><img loading=\"lazy\" decoding=\"async\" width=\"768\" height=\"1024\" data-id=\"1188\" src=\"https:\/\/guaruja.org.br\/aguaviva\/wp-content\/uploads\/2024\/01\/Vistoria-praias-guaruja-06-768x1024.jpg\" alt=\"\" class=\"wp-image-1188\" srcset=\"https:\/\/guaruja.org.br\/aguaviva\/wp-content\/uploads\/2024\/01\/Vistoria-praias-guaruja-06-768x1024.jpg 768w, https:\/\/guaruja.org.br\/aguaviva\/wp-content\/uploads\/2024\/01\/Vistoria-praias-guaruja-06-225x300.jpg 225w, https:\/\/guaruja.org.br\/aguaviva\/wp-content\/uploads\/2024\/01\/Vistoria-praias-guaruja-06-1152x1536.jpg 1152w, https:\/\/guaruja.org.br\/aguaviva\/wp-content\/uploads\/2024\/01\/Vistoria-praias-guaruja-06.jpg 1200w\" sizes=\"(max-width: 768px) 100vw, 768px\" \/><\/figure>\n\n\n\n<figure class=\"wp-block-image size-large\"><img loading=\"lazy\" decoding=\"async\" width=\"768\" height=\"1024\" data-id=\"1194\" src=\"https:\/\/guaruja.org.br\/aguaviva\/wp-content\/uploads\/2024\/01\/Vistoria-praias-guaruja-09-768x1024.jpg\" alt=\"\" class=\"wp-image-1194\" srcset=\"https:\/\/guaruja.org.br\/aguaviva\/wp-content\/uploads\/2024\/01\/Vistoria-praias-guaruja-09-768x1024.jpg 768w, https:\/\/guaruja.org.br\/aguaviva\/wp-content\/uploads\/2024\/01\/Vistoria-praias-guaruja-09-225x300.jpg 225w, https:\/\/guaruja.org.br\/aguaviva\/wp-content\/uploads\/2024\/01\/Vistoria-praias-guaruja-09-1152x1536.jpg 1152w, https:\/\/guaruja.org.br\/aguaviva\/wp-content\/uploads\/2024\/01\/Vistoria-praias-guaruja-09.jpg 1200w\" sizes=\"(max-width: 768px) 100vw, 768px\" \/><\/figure>\n\n\n\n<figure class=\"wp-block-image size-large\"><img loading=\"lazy\" decoding=\"async\" width=\"768\" height=\"1024\" data-id=\"1193\" src=\"https:\/\/guaruja.org.br\/aguaviva\/wp-content\/uploads\/2024\/01\/Vistoria-praias-guaruja-10-768x1024.jpg\" alt=\"\" class=\"wp-image-1193\" srcset=\"https:\/\/guaruja.org.br\/aguaviva\/wp-content\/uploads\/2024\/01\/Vistoria-praias-guaruja-10-768x1024.jpg 768w, https:\/\/guaruja.org.br\/aguaviva\/wp-content\/uploads\/2024\/01\/Vistoria-praias-guaruja-10-225x300.jpg 225w, https:\/\/guaruja.org.br\/aguaviva\/wp-content\/uploads\/2024\/01\/Vistoria-praias-guaruja-10-1152x1536.jpg 1152w, https:\/\/guaruja.org.br\/aguaviva\/wp-content\/uploads\/2024\/01\/Vistoria-praias-guaruja-10.jpg 1200w\" sizes=\"(max-width: 768px) 100vw, 768px\" \/><\/figure>\n\n\n\n<figure class=\"wp-block-image size-large\"><img loading=\"lazy\" decoding=\"async\" width=\"1024\" height=\"768\" data-id=\"1192\" src=\"https:\/\/guaruja.org.br\/aguaviva\/wp-content\/uploads\/2024\/01\/Vistoria-praias-guaruja-11-1024x768.jpg\" alt=\"\" class=\"wp-image-1192\" srcset=\"https:\/\/guaruja.org.br\/aguaviva\/wp-content\/uploads\/2024\/01\/Vistoria-praias-guaruja-11-1024x768.jpg 1024w, https:\/\/guaruja.org.br\/aguaviva\/wp-content\/uploads\/2024\/01\/Vistoria-praias-guaruja-11-300x225.jpg 300w, https:\/\/guaruja.org.br\/aguaviva\/wp-content\/uploads\/2024\/01\/Vistoria-praias-guaruja-11-768x576.jpg 768w, https:\/\/guaruja.org.br\/aguaviva\/wp-content\/uploads\/2024\/01\/Vistoria-praias-guaruja-11-1536x1152.jpg 1536w, https:\/\/guaruja.org.br\/aguaviva\/wp-content\/uploads\/2024\/01\/Vistoria-praias-guaruja-11.jpg 1600w\" sizes=\"(max-width: 1024px) 100vw, 1024px\" \/><\/figure>\n\n\n\n<figure class=\"wp-block-image size-large\"><img loading=\"lazy\" decoding=\"async\" width=\"1024\" height=\"768\" data-id=\"1195\" src=\"https:\/\/guaruja.org.br\/aguaviva\/wp-content\/uploads\/2024\/01\/Vistoria-praias-guaruja-12-1024x768.jpg\" alt=\"\" class=\"wp-image-1195\" srcset=\"https:\/\/guaruja.org.br\/aguaviva\/wp-content\/uploads\/2024\/01\/Vistoria-praias-guaruja-12-1024x768.jpg 1024w, https:\/\/guaruja.org.br\/aguaviva\/wp-content\/uploads\/2024\/01\/Vistoria-praias-guaruja-12-300x225.jpg 300w, https:\/\/guaruja.org.br\/aguaviva\/wp-content\/uploads\/2024\/01\/Vistoria-praias-guaruja-12-768x576.jpg 768w, https:\/\/guaruja.org.br\/aguaviva\/wp-content\/uploads\/2024\/01\/Vistoria-praias-guaruja-12-1536x1152.jpg 1536w, https:\/\/guaruja.org.br\/aguaviva\/wp-content\/uploads\/2024\/01\/Vistoria-praias-guaruja-12.jpg 1600w\" sizes=\"(max-width: 1024px) 100vw, 1024px\" \/><\/figure>\n\n\n\n<figure class=\"wp-block-image size-large\"><img loading=\"lazy\" decoding=\"async\" width=\"768\" height=\"1024\" data-id=\"1198\" src=\"https:\/\/guaruja.org.br\/aguaviva\/wp-content\/uploads\/2024\/01\/Vistoria-praias-guaruja-15-768x1024.jpg\" alt=\"\" class=\"wp-image-1198\" srcset=\"https:\/\/guaruja.org.br\/aguaviva\/wp-content\/uploads\/2024\/01\/Vistoria-praias-guaruja-15-768x1024.jpg 768w, https:\/\/guaruja.org.br\/aguaviva\/wp-content\/uploads\/2024\/01\/Vistoria-praias-guaruja-15-225x300.jpg 225w, https:\/\/guaruja.org.br\/aguaviva\/wp-content\/uploads\/2024\/01\/Vistoria-praias-guaruja-15-1152x1536.jpg 1152w, https:\/\/guaruja.org.br\/aguaviva\/wp-content\/uploads\/2024\/01\/Vistoria-praias-guaruja-15.jpg 1200w\" sizes=\"(max-width: 768px) 100vw, 768px\" \/><\/figure>\n\n\n\n<figure class=\"wp-block-image size-large\"><img loading=\"lazy\" decoding=\"async\" width=\"768\" height=\"1024\" data-id=\"1200\" src=\"https:\/\/guaruja.org.br\/aguaviva\/wp-content\/uploads\/2024\/01\/Vistoria-praias-guaruja-16-768x1024.jpg\" alt=\"\" class=\"wp-image-1200\" srcset=\"https:\/\/guaruja.org.br\/aguaviva\/wp-content\/uploads\/2024\/01\/Vistoria-praias-guaruja-16-768x1024.jpg 768w, https:\/\/guaruja.org.br\/aguaviva\/wp-content\/uploads\/2024\/01\/Vistoria-praias-guaruja-16-225x300.jpg 225w, https:\/\/guaruja.org.br\/aguaviva\/wp-content\/uploads\/2024\/01\/Vistoria-praias-guaruja-16-1152x1536.jpg 1152w, https:\/\/guaruja.org.br\/aguaviva\/wp-content\/uploads\/2024\/01\/Vistoria-praias-guaruja-16.jpg 1200w\" sizes=\"(max-width: 768px) 100vw, 768px\" \/><\/figure>\n\n\n\n<figure class=\"wp-block-image size-large\"><img loading=\"lazy\" decoding=\"async\" width=\"768\" height=\"1024\" data-id=\"1201\" src=\"https:\/\/guaruja.org.br\/aguaviva\/wp-content\/uploads\/2024\/01\/Vistoria-praias-guaruja-17-768x1024.jpg\" alt=\"\" class=\"wp-image-1201\" srcset=\"https:\/\/guaruja.org.br\/aguaviva\/wp-content\/uploads\/2024\/01\/Vistoria-praias-guaruja-17-768x1024.jpg 768w, https:\/\/guaruja.org.br\/aguaviva\/wp-content\/uploads\/2024\/01\/Vistoria-praias-guaruja-17-225x300.jpg 225w, https:\/\/guaruja.org.br\/aguaviva\/wp-content\/uploads\/2024\/01\/Vistoria-praias-guaruja-17-1152x1536.jpg 1152w, https:\/\/guaruja.org.br\/aguaviva\/wp-content\/uploads\/2024\/01\/Vistoria-praias-guaruja-17.jpg 1200w\" sizes=\"(max-width: 768px) 100vw, 768px\" \/><\/figure>\n\n\n\n<figure class=\"wp-block-image size-large\"><img loading=\"lazy\" decoding=\"async\" width=\"768\" height=\"1024\" data-id=\"1202\" src=\"https:\/\/guaruja.org.br\/aguaviva\/wp-content\/uploads\/2024\/01\/Vistoria-praias-guaruja-18-768x1024.jpg\" alt=\"\" class=\"wp-image-1202\" srcset=\"https:\/\/guaruja.org.br\/aguaviva\/wp-content\/uploads\/2024\/01\/Vistoria-praias-guaruja-18-768x1024.jpg 768w, https:\/\/guaruja.org.br\/aguaviva\/wp-content\/uploads\/2024\/01\/Vistoria-praias-guaruja-18-225x300.jpg 225w, https:\/\/guaruja.org.br\/aguaviva\/wp-content\/uploads\/2024\/01\/Vistoria-praias-guaruja-18-1152x1536.jpg 1152w, https:\/\/guaruja.org.br\/aguaviva\/wp-content\/uploads\/2024\/01\/Vistoria-praias-guaruja-18.jpg 1200w\" sizes=\"(max-width: 768px) 100vw, 768px\" \/><\/figure>\n\n\n\n<figure class=\"wp-block-image size-large\"><img loading=\"lazy\" decoding=\"async\" width=\"1024\" height=\"768\" data-id=\"1206\" src=\"https:\/\/guaruja.org.br\/aguaviva\/wp-content\/uploads\/2024\/01\/Vistoria-praias-guaruja-20-1024x768.jpg\" alt=\"\" class=\"wp-image-1206\" srcset=\"https:\/\/guaruja.org.br\/aguaviva\/wp-content\/uploads\/2024\/01\/Vistoria-praias-guaruja-20-1024x768.jpg 1024w, https:\/\/guaruja.org.br\/aguaviva\/wp-content\/uploads\/2024\/01\/Vistoria-praias-guaruja-20-300x225.jpg 300w, https:\/\/guaruja.org.br\/aguaviva\/wp-content\/uploads\/2024\/01\/Vistoria-praias-guaruja-20-768x576.jpg 768w, https:\/\/guaruja.org.br\/aguaviva\/wp-content\/uploads\/2024\/01\/Vistoria-praias-guaruja-20-1536x1152.jpg 1536w, https:\/\/guaruja.org.br\/aguaviva\/wp-content\/uploads\/2024\/01\/Vistoria-praias-guaruja-20.jpg 1600w\" sizes=\"(max-width: 1024px) 100vw, 1024px\" \/><\/figure>\n\n\n\n<figure class=\"wp-block-image size-large\"><img loading=\"lazy\" decoding=\"async\" width=\"1024\" height=\"768\" data-id=\"1208\" src=\"https:\/\/guaruja.org.br\/aguaviva\/wp-content\/uploads\/2024\/01\/Vistoria-praias-guaruja-21-1024x768.jpg\" alt=\"\" class=\"wp-image-1208\" srcset=\"https:\/\/guaruja.org.br\/aguaviva\/wp-content\/uploads\/2024\/01\/Vistoria-praias-guaruja-21-1024x768.jpg 1024w, https:\/\/guaruja.org.br\/aguaviva\/wp-content\/uploads\/2024\/01\/Vistoria-praias-guaruja-21-300x225.jpg 300w, https:\/\/guaruja.org.br\/aguaviva\/wp-content\/uploads\/2024\/01\/Vistoria-praias-guaruja-21-768x576.jpg 768w, https:\/\/guaruja.org.br\/aguaviva\/wp-content\/uploads\/2024\/01\/Vistoria-praias-guaruja-21-1536x1152.jpg 1536w, https:\/\/guaruja.org.br\/aguaviva\/wp-content\/uploads\/2024\/01\/Vistoria-praias-guaruja-21.jpg 1600w\" sizes=\"(max-width: 1024px) 100vw, 1024px\" \/><\/figure>\n\n\n\n<figure class=\"wp-block-image size-large\"><img loading=\"lazy\" decoding=\"async\" width=\"1024\" height=\"768\" data-id=\"1203\" src=\"https:\/\/guaruja.org.br\/aguaviva\/wp-content\/uploads\/2024\/01\/Vistoria-praias-guaruja-22-1024x768.jpg\" alt=\"\" class=\"wp-image-1203\" srcset=\"https:\/\/guaruja.org.br\/aguaviva\/wp-content\/uploads\/2024\/01\/Vistoria-praias-guaruja-22-1024x768.jpg 1024w, https:\/\/guaruja.org.br\/aguaviva\/wp-content\/uploads\/2024\/01\/Vistoria-praias-guaruja-22-300x225.jpg 300w, https:\/\/guaruja.org.br\/aguaviva\/wp-content\/uploads\/2024\/01\/Vistoria-praias-guaruja-22-768x576.jpg 768w, https:\/\/guaruja.org.br\/aguaviva\/wp-content\/uploads\/2024\/01\/Vistoria-praias-guaruja-22-1536x1152.jpg 1536w, https:\/\/guaruja.org.br\/aguaviva\/wp-content\/uploads\/2024\/01\/Vistoria-praias-guaruja-22.jpg 1600w\" sizes=\"(max-width: 1024px) 100vw, 1024px\" \/><\/figure>\n\n\n\n<figure class=\"wp-block-image size-large\"><img loading=\"lazy\" decoding=\"async\" width=\"768\" height=\"1024\" data-id=\"1204\" src=\"https:\/\/guaruja.org.br\/aguaviva\/wp-content\/uploads\/2024\/01\/Vistoria-praias-guaruja-23-768x1024.jpg\" alt=\"\" class=\"wp-image-1204\" srcset=\"https:\/\/guaruja.org.br\/aguaviva\/wp-content\/uploads\/2024\/01\/Vistoria-praias-guaruja-23-768x1024.jpg 768w, https:\/\/guaruja.org.br\/aguaviva\/wp-content\/uploads\/2024\/01\/Vistoria-praias-guaruja-23-225x300.jpg 225w, https:\/\/guaruja.org.br\/aguaviva\/wp-content\/uploads\/2024\/01\/Vistoria-praias-guaruja-23-1152x1536.jpg 1152w, https:\/\/guaruja.org.br\/aguaviva\/wp-content\/uploads\/2024\/01\/Vistoria-praias-guaruja-23.jpg 1200w\" sizes=\"(max-width: 768px) 100vw, 768px\" \/><\/figure>\n\n\n\n<figure class=\"wp-block-image size-large\"><img loading=\"lazy\" decoding=\"async\" width=\"1024\" height=\"768\" data-id=\"1205\" src=\"https:\/\/guaruja.org.br\/aguaviva\/wp-content\/uploads\/2024\/01\/Vistoria-praias-guaruja-24-1024x768.jpg\" alt=\"\" class=\"wp-image-1205\" srcset=\"https:\/\/guaruja.org.br\/aguaviva\/wp-content\/uploads\/2024\/01\/Vistoria-praias-guaruja-24-1024x768.jpg 1024w, https:\/\/guaruja.org.br\/aguaviva\/wp-content\/uploads\/2024\/01\/Vistoria-praias-guaruja-24-300x225.jpg 300w, https:\/\/guaruja.org.br\/aguaviva\/wp-content\/uploads\/2024\/01\/Vistoria-praias-guaruja-24-768x576.jpg 768w, https:\/\/guaruja.org.br\/aguaviva\/wp-content\/uploads\/2024\/01\/Vistoria-praias-guaruja-24-1536x1152.jpg 1536w, https:\/\/guaruja.org.br\/aguaviva\/wp-content\/uploads\/2024\/01\/Vistoria-praias-guaruja-24.jpg 1600w\" sizes=\"(max-width: 1024px) 100vw, 1024px\" \/><\/figure>\n\n\n\n<figure class=\"wp-block-image size-large\"><img loading=\"lazy\" decoding=\"async\" width=\"1024\" height=\"768\" data-id=\"1207\" src=\"https:\/\/guaruja.org.br\/aguaviva\/wp-content\/uploads\/2024\/01\/Vistoria-praias-guaruja-25-1024x768.jpg\" alt=\"\" class=\"wp-image-1207\" srcset=\"https:\/\/guaruja.org.br\/aguaviva\/wp-content\/uploads\/2024\/01\/Vistoria-praias-guaruja-25-1024x768.jpg 1024w, https:\/\/guaruja.org.br\/aguaviva\/wp-content\/uploads\/2024\/01\/Vistoria-praias-guaruja-25-300x225.jpg 300w, https:\/\/guaruja.org.br\/aguaviva\/wp-content\/uploads\/2024\/01\/Vistoria-praias-guaruja-25-768x576.jpg 768w, https:\/\/guaruja.org.br\/aguaviva\/wp-content\/uploads\/2024\/01\/Vistoria-praias-guaruja-25-1536x1152.jpg 1536w, https:\/\/guaruja.org.br\/aguaviva\/wp-content\/uploads\/2024\/01\/Vistoria-praias-guaruja-25.jpg 1600w\" sizes=\"(max-width: 1024px) 100vw, 1024px\" \/><\/figure>\n\n\n\n<figure class=\"wp-block-image size-large\"><img loading=\"lazy\" decoding=\"async\" width=\"768\" height=\"1024\" data-id=\"1213\" src=\"https:\/\/guaruja.org.br\/aguaviva\/wp-content\/uploads\/2024\/01\/Vistoria-praias-guaruja-26-768x1024.jpg\" alt=\"\" class=\"wp-image-1213\" srcset=\"https:\/\/guaruja.org.br\/aguaviva\/wp-content\/uploads\/2024\/01\/Vistoria-praias-guaruja-26-768x1024.jpg 768w, https:\/\/guaruja.org.br\/aguaviva\/wp-content\/uploads\/2024\/01\/Vistoria-praias-guaruja-26-225x300.jpg 225w, https:\/\/guaruja.org.br\/aguaviva\/wp-content\/uploads\/2024\/01\/Vistoria-praias-guaruja-26-1152x1536.jpg 1152w, https:\/\/guaruja.org.br\/aguaviva\/wp-content\/uploads\/2024\/01\/Vistoria-praias-guaruja-26.jpg 1200w\" sizes=\"(max-width: 768px) 100vw, 768px\" \/><\/figure>\n\n\n\n<figure class=\"wp-block-image size-large\"><img loading=\"lazy\" decoding=\"async\" width=\"768\" height=\"1024\" data-id=\"1211\" src=\"https:\/\/guaruja.org.br\/aguaviva\/wp-content\/uploads\/2024\/01\/Vistoria-praias-guaruja-27-768x1024.jpg\" alt=\"\" class=\"wp-image-1211\" srcset=\"https:\/\/guaruja.org.br\/aguaviva\/wp-content\/uploads\/2024\/01\/Vistoria-praias-guaruja-27-768x1024.jpg 768w, https:\/\/guaruja.org.br\/aguaviva\/wp-content\/uploads\/2024\/01\/Vistoria-praias-guaruja-27-225x300.jpg 225w, https:\/\/guaruja.org.br\/aguaviva\/wp-content\/uploads\/2024\/01\/Vistoria-praias-guaruja-27-1152x1536.jpg 1152w, https:\/\/guaruja.org.br\/aguaviva\/wp-content\/uploads\/2024\/01\/Vistoria-praias-guaruja-27.jpg 1200w\" sizes=\"(max-width: 768px) 100vw, 768px\" \/><\/figure>\n\n\n\n<figure class=\"wp-block-image size-large\"><img loading=\"lazy\" decoding=\"async\" width=\"1024\" height=\"768\" data-id=\"1212\" src=\"https:\/\/guaruja.org.br\/aguaviva\/wp-content\/uploads\/2024\/01\/Vistoria-praias-guaruja-28-1024x768.jpg\" alt=\"\" class=\"wp-image-1212\" srcset=\"https:\/\/guaruja.org.br\/aguaviva\/wp-content\/uploads\/2024\/01\/Vistoria-praias-guaruja-28-1024x768.jpg 1024w, https:\/\/guaruja.org.br\/aguaviva\/wp-content\/uploads\/2024\/01\/Vistoria-praias-guaruja-28-300x225.jpg 300w, https:\/\/guaruja.org.br\/aguaviva\/wp-content\/uploads\/2024\/01\/Vistoria-praias-guaruja-28-768x576.jpg 768w, https:\/\/guaruja.org.br\/aguaviva\/wp-content\/uploads\/2024\/01\/Vistoria-praias-guaruja-28-1536x1152.jpg 1536w, https:\/\/guaruja.org.br\/aguaviva\/wp-content\/uploads\/2024\/01\/Vistoria-praias-guaruja-28.jpg 1600w\" sizes=\"(max-width: 1024px) 100vw, 1024px\" \/><\/figure>\n\n\n\n<figure class=\"wp-block-image size-large\"><img loading=\"lazy\" decoding=\"async\" width=\"1024\" height=\"768\" data-id=\"1210\" src=\"https:\/\/guaruja.org.br\/aguaviva\/wp-content\/uploads\/2024\/01\/Vistoria-praias-guaruja-29-1024x768.jpg\" alt=\"\" class=\"wp-image-1210\" srcset=\"https:\/\/guaruja.org.br\/aguaviva\/wp-content\/uploads\/2024\/01\/Vistoria-praias-guaruja-29-1024x768.jpg 1024w, https:\/\/guaruja.org.br\/aguaviva\/wp-content\/uploads\/2024\/01\/Vistoria-praias-guaruja-29-300x225.jpg 300w, https:\/\/guaruja.org.br\/aguaviva\/wp-content\/uploads\/2024\/01\/Vistoria-praias-guaruja-29-768x576.jpg 768w, https:\/\/guaruja.org.br\/aguaviva\/wp-content\/uploads\/2024\/01\/Vistoria-praias-guaruja-29-1536x1152.jpg 1536w, https:\/\/guaruja.org.br\/aguaviva\/wp-content\/uploads\/2024\/01\/Vistoria-praias-guaruja-29.jpg 1600w\" sizes=\"(max-width: 1024px) 100vw, 1024px\" \/><\/figure>\n\n\n\n<figure class=\"wp-block-image size-large\"><img loading=\"lazy\" decoding=\"async\" width=\"1024\" height=\"768\" data-id=\"1214\" src=\"https:\/\/guaruja.org.br\/aguaviva\/wp-content\/uploads\/2024\/01\/Vistoria-praias-guaruja-31-1024x768.jpg\" alt=\"\" class=\"wp-image-1214\" srcset=\"https:\/\/guaruja.org.br\/aguaviva\/wp-content\/uploads\/2024\/01\/Vistoria-praias-guaruja-31-1024x768.jpg 1024w, https:\/\/guaruja.org.br\/aguaviva\/wp-content\/uploads\/2024\/01\/Vistoria-praias-guaruja-31-300x225.jpg 300w, https:\/\/guaruja.org.br\/aguaviva\/wp-content\/uploads\/2024\/01\/Vistoria-praias-guaruja-31-768x576.jpg 768w, https:\/\/guaruja.org.br\/aguaviva\/wp-content\/uploads\/2024\/01\/Vistoria-praias-guaruja-31-1536x1152.jpg 1536w, https:\/\/guaruja.org.br\/aguaviva\/wp-content\/uploads\/2024\/01\/Vistoria-praias-guaruja-31.jpg 1600w\" sizes=\"(max-width: 1024px) 100vw, 1024px\" \/><\/figure>\n\n\n\n<figure class=\"wp-block-image size-large\"><img loading=\"lazy\" decoding=\"async\" width=\"1024\" height=\"768\" data-id=\"1209\" src=\"https:\/\/guaruja.org.br\/aguaviva\/wp-content\/uploads\/2024\/01\/Vistoria-praias-guaruja-32-1024x768.jpg\" alt=\"\" class=\"wp-image-1209\" srcset=\"https:\/\/guaruja.org.br\/aguaviva\/wp-content\/uploads\/2024\/01\/Vistoria-praias-guaruja-32-1024x768.jpg 1024w, https:\/\/guaruja.org.br\/aguaviva\/wp-content\/uploads\/2024\/01\/Vistoria-praias-guaruja-32-300x225.jpg 300w, https:\/\/guaruja.org.br\/aguaviva\/wp-content\/uploads\/2024\/01\/Vistoria-praias-guaruja-32-768x576.jpg 768w, https:\/\/guaruja.org.br\/aguaviva\/wp-content\/uploads\/2024\/01\/Vistoria-praias-guaruja-32-1536x1152.jpg 1536w, https:\/\/guaruja.org.br\/aguaviva\/wp-content\/uploads\/2024\/01\/Vistoria-praias-guaruja-32.jpg 1600w\" sizes=\"(max-width: 1024px) 100vw, 1024px\" \/><\/figure>\n\n\n\n<figure class=\"wp-block-image size-large\"><img loading=\"lazy\" decoding=\"async\" width=\"768\" height=\"1024\" data-id=\"1216\" src=\"https:\/\/guaruja.org.br\/aguaviva\/wp-content\/uploads\/2024\/01\/Vistoria-praias-guaruja-33-768x1024.jpg\" alt=\"\" class=\"wp-image-1216\" srcset=\"https:\/\/guaruja.org.br\/aguaviva\/wp-content\/uploads\/2024\/01\/Vistoria-praias-guaruja-33-768x1024.jpg 768w, https:\/\/guaruja.org.br\/aguaviva\/wp-content\/uploads\/2024\/01\/Vistoria-praias-guaruja-33-225x300.jpg 225w, https:\/\/guaruja.org.br\/aguaviva\/wp-content\/uploads\/2024\/01\/Vistoria-praias-guaruja-33-1152x1536.jpg 1152w, https:\/\/guaruja.org.br\/aguaviva\/wp-content\/uploads\/2024\/01\/Vistoria-praias-guaruja-33.jpg 1200w\" sizes=\"(max-width: 768px) 100vw, 768px\" \/><\/figure>\n<\/figure>\n\n\n\n<p>A AGUAVIVA, pautada por princ\u00edpios de transpar\u00eancia, participa\u00e7\u00e3o democr\u00e1tica e defesa do meio ambiente, n\u00e3o poderia ficar inerte diante dessa situa\u00e7\u00e3o cr\u00edtica. Existe um risco iminente \u00e0 sa\u00fade p\u00fablica dos moradores das Praias das Ast\u00farias e Pitangueiras, assim como dos banhistas e comerciantes locais.<\/p>\n\n\n\n<p>Nesse contexto, a AGUAVIVA faz um apelo veemente \u00e0s autoridades competentes para que tomem medidas imediatas. Solicitamos notifica\u00e7\u00f5es \u00e0 Prefeitura de Guaruj\u00e1 e aos \u00f3rg\u00e3os respons\u00e1veis para que a situa\u00e7\u00e3o seja prontamente solucionada. A falta de saneamento n\u00e3o \u00e9 apenas uma quest\u00e3o ambiental; \u00e9 um s\u00e9rio risco \u00e0 sa\u00fade p\u00fablica que n\u00e3o pode ser negligenciado.<\/p>\n\n\n\n<p>A preserva\u00e7\u00e3o das praias de Guaruj\u00e1 \u00e9 uma responsabilidade compartilhada entre a sociedade e as autoridades. A AGUAVIVA conclama a todos os cidad\u00e3os a se envolverem ativamente na manuten\u00e7\u00e3o e preserva\u00e7\u00e3o de nossa cidade, garantindo um futuro saud\u00e1vel e sustent\u00e1vel para as gera\u00e7\u00f5es vindouras. Unidos, podemos superar desafios e construir um ambiente mais seguro e equilibrado para todos.<\/p>\n\n\n\n<h2 class=\"wp-block-heading\">Of\u00edcios e manifesta\u00e7\u00f5es encaminhados \u00e0s autoridades<\/h2>\n\n\n\n<div data-wp-interactive=\"core\/file\" class=\"wp-block-file\"><object data-wp-bind--hidden=\"!state.hasPdfPreview\" hidden class=\"wp-block-file__embed\" data=\"https:\/\/guaruja.org.br\/aguaviva\/wp-content\/uploads\/2024\/01\/Oficio-AV-183.2024-GAEMA-Praia-das-Asturias-e-Pitangueiras.pdf\" type=\"application\/pdf\" style=\"width:100%;height:600px\" aria-label=\"Incorporado de Oficio-AV-183.2024-GAEMA-Praia-das-Asturias-e-Pitangueiras.\"><\/object><a id=\"wp-block-file--media-75c0fc2b-b5d4-46cf-9b7a-a22f8585bf82\" href=\"https:\/\/guaruja.org.br\/aguaviva\/wp-content\/uploads\/2024\/01\/Oficio-AV-183.2024-GAEMA-Praia-das-Asturias-e-Pitangueiras.pdf\">Oficio-AV-183.2024-GAEMA-Praia-das-Asturias-e-Pitangueiras<\/a><a href=\"https:\/\/guaruja.org.br\/aguaviva\/wp-content\/uploads\/2024\/01\/Oficio-AV-183.2024-GAEMA-Praia-das-Asturias-e-Pitangueiras.pdf\" class=\"wp-block-file__button wp-element-button\" download aria-describedby=\"wp-block-file--media-75c0fc2b-b5d4-46cf-9b7a-a22f8585bf82\">Baixar<\/a><\/div>\n\n\n\n<div data-wp-interactive=\"core\/file\" class=\"wp-block-file\"><object data-wp-bind--hidden=\"!state.hasPdfPreview\" hidden class=\"wp-block-file__embed\" data=\"https:\/\/guaruja.org.br\/aguaviva\/wp-content\/uploads\/2024\/01\/Oficio-AV-184.2024-SABESP-Praia-das-Asturias-e-Pitangueiras.pdf\" type=\"application\/pdf\" style=\"width:100%;height:600px\" aria-label=\"Incorporado de Oficio-AV-184.2024-SABESP-Praia-das-Asturias-e-Pitangueiras.\"><\/object><a id=\"wp-block-file--media-2992ae75-335d-473b-b76e-2f31bbc4f521\" href=\"https:\/\/guaruja.org.br\/aguaviva\/wp-content\/uploads\/2024\/01\/Oficio-AV-184.2024-SABESP-Praia-das-Asturias-e-Pitangueiras.pdf\">Oficio-AV-184.2024-SABESP-Praia-das-Asturias-e-Pitangueiras<\/a><a href=\"https:\/\/guaruja.org.br\/aguaviva\/wp-content\/uploads\/2024\/01\/Oficio-AV-184.2024-SABESP-Praia-das-Asturias-e-Pitangueiras.pdf\" class=\"wp-block-file__button wp-element-button\" download aria-describedby=\"wp-block-file--media-2992ae75-335d-473b-b76e-2f31bbc4f521\">Baixar<\/a><\/div>\n\n\n\n<div data-wp-interactive=\"core\/file\" class=\"wp-block-file\"><object data-wp-bind--hidden=\"!state.hasPdfPreview\" hidden class=\"wp-block-file__embed\" data=\"https:\/\/guaruja.org.br\/aguaviva\/wp-content\/uploads\/2024\/01\/Oficio-AV-185.2024-CESTESB-Praia-das-Asturias-e-Pitangueiras.pdf\" type=\"application\/pdf\" style=\"width:100%;height:600px\" aria-label=\"Incorporado de Oficio-AV-185.2024-CESTESB-Praia-das-Asturias-e-Pitangueiras.\"><\/object><a id=\"wp-block-file--media-fdd6d2be-15db-4197-8776-4330e4d608c3\" href=\"https:\/\/guaruja.org.br\/aguaviva\/wp-content\/uploads\/2024\/01\/Oficio-AV-185.2024-CESTESB-Praia-das-Asturias-e-Pitangueiras.pdf\">Oficio-AV-185.2024-CESTESB-Praia-das-Asturias-e-Pitangueiras<\/a><a href=\"https:\/\/guaruja.org.br\/aguaviva\/wp-content\/uploads\/2024\/01\/Oficio-AV-185.2024-CESTESB-Praia-das-Asturias-e-Pitangueiras.pdf\" class=\"wp-block-file__button wp-element-button\" download aria-describedby=\"wp-block-file--media-fdd6d2be-15db-4197-8776-4330e4d608c3\">Baixar<\/a><\/div>\n\n\n\n<div data-wp-interactive=\"core\/file\" class=\"wp-block-file\"><object data-wp-bind--hidden=\"!state.hasPdfPreview\" hidden class=\"wp-block-file__embed\" data=\"https:\/\/guaruja.org.br\/aguaviva\/wp-content\/uploads\/2024\/01\/Oficio-AV-187.2024-MPSP-Praia-das-Asturias-e-Pitangueiras.pdf\" type=\"application\/pdf\" style=\"width:100%;height:600px\" aria-label=\"Incorporado de Oficio-AV-187.2024-MPSP-Praia-das-Asturias-e-Pitangueiras.\"><\/object><a id=\"wp-block-file--media-0e1fb5d2-3355-432a-9c59-128b59c039c4\" href=\"https:\/\/guaruja.org.br\/aguaviva\/wp-content\/uploads\/2024\/01\/Oficio-AV-187.2024-MPSP-Praia-das-Asturias-e-Pitangueiras.pdf\">Oficio-AV-187.2024-MPSP-Praia-das-Asturias-e-Pitangueiras<\/a><a href=\"https:\/\/guaruja.org.br\/aguaviva\/wp-content\/uploads\/2024\/01\/Oficio-AV-187.2024-MPSP-Praia-das-Asturias-e-Pitangueiras.pdf\" class=\"wp-block-file__button wp-element-button\" download aria-describedby=\"wp-block-file--media-0e1fb5d2-3355-432a-9c59-128b59c039c4\">Baixar<\/a><\/div>\n\n\n\n<figure class=\"wp-block-table\"><table><tbody><tr><td>Prezado(a)<strong> JOSE MANOEL FERREIRA GONCALVES,<\/strong><\/td><\/tr><tr><td>Sua manifesta\u00e7\u00e3o foi cadastrada com sucesso!.<\/td><\/tr><tr><td>Para acompanhamento autom\u00e1tico dos andamentos e\/ou fases das manifesta\u00e7\u00f5es fa\u00e7a seu cadastro no Portal do Cidad\u00e3o e utilize o Sistema Push para adicionar expedientes do seu interesse no endere\u00e7o https:\/\/www.mpf.mp.br\/servicos\/sac\/cadastro.<\/td><\/tr><tr><td>O cadastro&nbsp;n\u00e3o \u00e9 obrigat\u00f3rio&nbsp;para registrar a manifesta\u00e7\u00e3o, mas ao faz\u00ea-lo voc\u00ea ter\u00e1 os seguintes benef\u00edcios: &#8211; Maior agilidade no cadastro de manifesta\u00e7\u00f5es, pois n\u00e3o ser\u00e1 necess\u00e1rio preencher os dados pessoais do manifestante, uma vez que estes ser\u00e3o recuperados do seu cadastro; &#8211; F\u00e1cil visualiza\u00e7\u00e3o do hist\u00f3rico e do andamento de todas as manifesta\u00e7\u00f5es j\u00e1 cadastradas; &#8211; Receber por e-mail as novas movimenta\u00e7\u00f5es dos documentos, processos e procedimentos, em tr\u00e2mite no MPF, que sejam do seu interesse (Sistema Push).<\/td><\/tr><tr><td>Em breve, enviaremos novas informa\u00e7\u00f5es para acompanhamento de sua solicita\u00e7\u00e3o.<br><\/td><\/tr><tr><td><strong>N\u00famero da manifesta\u00e7\u00e3o: 20240000927<\/strong><strong>Chave de Consulta: ecb511d7a983ee53b4d2111f0c8ccd35<\/strong><strong>Data da manifesta\u00e7\u00e3o: 09\/01\/2024<\/strong><\/td><\/tr><\/tbody><\/table><\/figure>\n\n\n\n<h2 class=\"wp-block-heading\">Atualizando o caso<\/h2>\n\n\n\n<h2 class=\"wp-block-heading\"><a href=\"https:\/\/guaruja.org.br\/aguaviva\/analise-aponta-mais-de-7-milhoes-de-coliformes-fecais-despejados-na-praia-de-pitangueiras\/\" target=\"_blank\" rel=\"noreferrer noopener\">An\u00e1lise aponta mais de 7 milh\u00f5es de coliformes fecais despejados na Praia de Pitangueiras<\/a><\/h2>\n\n\n\n<h3 class=\"wp-block-heading\">Al\u00e9m disso, relat\u00f3rio comprovou a exist\u00eancia elevada da bact\u00e9ria Escherichia coli<\/h3>\n\n\n\n<p>Mais de 7 milh\u00f5es de coliformes fecais por 100 mililitros de \u00e1gua. Esse foi o resultado da an\u00e1lise da \u00e1gua colhida no despejo de canaliza\u00e7\u00e3o de \u00e1guas pluviais na Praia de Pitangueiras, no trecho entre as ruas Santos e Brasil, na avenida Marechal Deodoro da Fonseca, em Guaruj\u00e1. Ficou constatada tamb\u00e9m a presen\u00e7a de mais de 2 milh\u00f5es de Escherichia coli, bact\u00e9ria que se encontra normalmente no trato gastrointestinal inferior dos organismos de sangue quente. A an\u00e1lise faz parte de uma campanha de conscientiza\u00e7\u00e3o da Associa\u00e7\u00e3o Guaruj\u00e1 Viva (AGUAVIVA) e as amostras coletadas no dia 9 de de janeiro passado. Essa \u00e9 uma parte do programa mais amplo que vai abranger todas as praias da Cidade.<\/p>\n\n\n\n<div data-wp-interactive=\"core\/file\" class=\"wp-block-file\"><object data-wp-bind--hidden=\"!state.hasPdfPreview\" hidden class=\"wp-block-file__embed\" data=\"https:\/\/guaruja.org.br\/aguaviva\/wp-content\/uploads\/2024\/01\/Analise-Aguas-Pitangueiras-10367.2024-0-1.pdf\" type=\"application\/pdf\" style=\"width:100%;height:600px\" aria-label=\"Incorporado de Analise-Aguas-Pitangueiras-10367.2024-0-1.\"><\/object><a id=\"wp-block-file--media-91a91712-033c-4fb2-bf7a-3d985b73b700\" href=\"https:\/\/guaruja.org.br\/aguaviva\/wp-content\/uploads\/2024\/01\/Analise-Aguas-Pitangueiras-10367.2024-0-1.pdf\">Analise-Aguas-Pitangueiras-10367.2024-0-1<\/a><a href=\"https:\/\/guaruja.org.br\/aguaviva\/wp-content\/uploads\/2024\/01\/Analise-Aguas-Pitangueiras-10367.2024-0-1.pdf\" class=\"wp-block-file__button wp-element-button\" download aria-describedby=\"wp-block-file--media-91a91712-033c-4fb2-bf7a-3d985b73b700\">Baixar<\/a><\/div>\n\n\n\n<p>Segundo de Jeffer Castelo Branco, t\u00e9cnico em Meio Ambiente, as \u00e1guas salinas do mar em praias s\u00e3o de recrea\u00e7\u00e3o de contato prim\u00e1rio, ou seja, contato direto e prolongado com a \u00e1gua que permite a nata\u00e7\u00e3o e o mergulho, com alta possibilidade de o banhista ingerir \u00e1gua. Conforme a Resolu\u00e7\u00e3o Conama 357 de 2005, as \u00e1guas salinas para esse fim s\u00e3o as definidas como de classe 1, que podem conter no m\u00e1ximo at\u00e9 1.000 coliformes fecais (termolerantes) por 100 mililitros em 80% ou mais de pelo menos seis amostras coletadas durante o per\u00edodo de um ano, com periodicidade bimestral. A portaria GM\/MS N\u00ba 888, de 4 de maio de 2021 estabelece que na \u00e1gua para consumo humano o valor m\u00e1ximo permitido para coliformes totais e escherichia coli em 100 mL \u00e9 \u201cAUSENTE\u201d.<\/p>\n\n\n\n<p>No parecer do especialista ele cita que, de acordo com o Laborat\u00f3rio de Controle de Qualidade de Alimentos da UFG, os coliformes podem causar dores abdominais, diarreia, n\u00e1useas e v\u00f4mitos. Em indiv\u00edduos desnutridos, a gastroenterite pode durar v\u00e1rias semanas, levando a um quadro de desidrata\u00e7\u00e3o grave. Pode ocorrer sangue nas fezes e aus\u00eancia de febre. A enterocolite hemorr\u00e1gica pode evoluir para uma doen\u00e7a grave chamada S\u00edndrome Ur\u00eamica Hemol\u00edtica (HUS).<\/p>\n\n\n\n<div data-wp-interactive=\"core\/file\" class=\"wp-block-file\"><object data-wp-bind--hidden=\"!state.hasPdfPreview\" hidden class=\"wp-block-file__embed\" data=\"https:\/\/guaruja.org.br\/aguaviva\/wp-content\/uploads\/2024\/01\/Parecer-AGUAVIVA-Aguas-Pitangueiras.pdf\" type=\"application\/pdf\" style=\"width:100%;height:600px\" aria-label=\"Incorporado de Parecer-AGUAVIVA-Aguas-Pitangueiras.\"><\/object><a id=\"wp-block-file--media-6b8cc215-700b-4d0e-ad29-49287fa482d2\" href=\"https:\/\/guaruja.org.br\/aguaviva\/wp-content\/uploads\/2024\/01\/Parecer-AGUAVIVA-Aguas-Pitangueiras.pdf\">Parecer-AGUAVIVA-Aguas-Pitangueiras<\/a><a href=\"https:\/\/guaruja.org.br\/aguaviva\/wp-content\/uploads\/2024\/01\/Parecer-AGUAVIVA-Aguas-Pitangueiras.pdf\" class=\"wp-block-file__button wp-element-button\" download aria-describedby=\"wp-block-file--media-6b8cc215-700b-4d0e-ad29-49287fa482d2\">Baixar<\/a><\/div>\n\n\n\n<p>Castelo Branco destaca tamb\u00e9m que conforme Larry M. Bush, no manual da MSD, a Escherichia coli (E. coli) compreende um grupo de bact\u00e9rias Gram-negativas que residem normalmente no intestino de pessoas saud\u00e1veis, mas algumas cepas podem causar infec\u00e7\u00e3o no trato digestivo, trato urin\u00e1rio ou muitas outras partes do corpo. A infec\u00e7\u00e3o mais comum \u00e9 a do trato urin\u00e1rio, como a infec\u00e7\u00e3o da bexiga em mulheres. E entre outras infec\u00e7\u00f5es que podem resultar da E. coli incluem: gastroenterite, prostatite, doen\u00e7a inflamat\u00f3ria p\u00e9lvica, infec\u00e7\u00e3o da ves\u00edcula biliar, do p\u00e9 em pessoas com diabetes, meningite em rec\u00e9m-nascidos, pneumonia e outras.<\/p>\n\n\n\n<p><strong>AGUAVIVA<\/strong><br>\u201cO laudo confirma presen\u00e7a de coliformes fecais em quantidade alarmante nas \u00e1guas que chegam a tr\u00eas praias de Guaruj\u00e1 pelos dutos de \u00e1guas pluviais. Os relat\u00f3rios apontam a exist\u00eancia de liga\u00e7\u00f5es clandestinas de esgoto que chegam \u00e0s praias. S\u00e3o tr\u00eas resultados de \u00e1guas coletadas. Nas praias do Tombo; Ast\u00farias e Pitangueiras.<\/p>\n\n\n\n<p>Nos dois primeiros, a an\u00e1lise foi qualitativa e, no \u00faltimo, a an\u00e1lise foi quantitativa, demonstrando que o esgoto in natura est\u00e1 sendo despejado na praia, indicando a exist\u00eancia de liga\u00e7\u00f5es clandestinas de esgoto. A Prefeitura de Guaruj\u00e1 tem poder de Pol\u00edcia e precisa descobrir quem est\u00e1 jogando esse esgoto ali, j\u00e1 que ele deveria ser escoado para o emiss\u00e1rio submarino. Isso tamb\u00e9m refor\u00e7a o nosso pedido que a Sabesp realize o mais r\u00e1pido poss\u00edvel o ca\u00e7a-esgoto que ajuda a diminuir ou resolver o problema. N\u00f3s pedimos um cronograma para eles e n\u00e3o fomos ouvidos pela empresa\u201d, afirmou Jos\u00e9 Manoel Ferreira Gon\u00e7alves, presidente da AGUAVIVA.<\/p>\n\n\n\n<p><strong>Conclus\u00e3o<\/strong><br>Jeffer Castelo Branco considerou que o resultado da amostra para coliformes termotolerantes mostrou em uma \u00fanica amostra n\u00edveis extremamente elevados para coliformes totais e termotolerantes (fecais). \u201cIsso pode ser resultado de emiss\u00f5es de esgoto sem tratamento e\/ou de liga\u00e7\u00f5es irregulares na rede de \u00e1guas pluviais, recomenda-se que o poder p\u00fabico repita a an\u00e1lise imediatamente, com participa\u00e7\u00e3o do controle social, em per\u00edodos diferentes do dia, e em persistindo o problema, fazer uma busca para a elimina\u00e7\u00e3o dos pontos de contamina\u00e7\u00e3o\u201d, declarou.<\/p>\n\n\n\n<p>As an\u00e1lises foram feitas pelo laborat\u00f3rio M\u00e9rieux NutriSciences (Bioagri Laborat\u00f3rios Ltda).<\/p>\n\n\n\n<h2 class=\"wp-block-heading\">Encaminhamentos<\/h2>\n\n\n\n<p>Diante do resultado da amostra apresentado pelo laborat\u00f3rio M\u00e9rieux NutriSciences e do parecer t\u00e9cnico Jeffer Castelo Branco, a \u00c1GUAVIVA encaminhou Of\u00edcio com c\u00f3pia dos documentos como segue:<\/p>\n\n\n\n<div data-wp-interactive=\"core\/file\" class=\"wp-block-file\"><object data-wp-bind--hidden=\"!state.hasPdfPreview\" hidden class=\"wp-block-file__embed\" data=\"https:\/\/guaruja.org.br\/aguaviva\/wp-content\/uploads\/2024\/01\/Oficio-AV-205.2024-Camara-dos-Vereadores-de-Guaruja-com-anexos-vereadores-1.pdf\" type=\"application\/pdf\" style=\"width:100%;height:600px\" aria-label=\"Incorporado de Oficio-AV-205.2024-Camara-dos-Vereadores-de-Guaruja-com-anexos-vereadores-1.\"><\/object><a id=\"wp-block-file--media-b4d32cf1-1812-4180-94a9-793c1eb47593\" href=\"https:\/\/guaruja.org.br\/aguaviva\/wp-content\/uploads\/2024\/01\/Oficio-AV-205.2024-Camara-dos-Vereadores-de-Guaruja-com-anexos-vereadores-1.pdf\">Oficio-AV-205.2024-Camara-dos-Vereadores-de-Guaruja-com-anexos-vereadores-1<\/a><a href=\"https:\/\/guaruja.org.br\/aguaviva\/wp-content\/uploads\/2024\/01\/Oficio-AV-205.2024-Camara-dos-Vereadores-de-Guaruja-com-anexos-vereadores-1.pdf\" class=\"wp-block-file__button wp-element-button\" download aria-describedby=\"wp-block-file--media-b4d32cf1-1812-4180-94a9-793c1eb47593\">Baixar<\/a><\/div>\n\n\n\n<div data-wp-interactive=\"core\/file\" class=\"wp-block-file\"><object data-wp-bind--hidden=\"!state.hasPdfPreview\" hidden class=\"wp-block-file__embed\" data=\"https:\/\/guaruja.org.br\/aguaviva\/wp-content\/uploads\/2024\/01\/Oficio-AV-207.2024-Prefeitura-Analise-da-Agua-Com-anexos-1.pdf\" type=\"application\/pdf\" style=\"width:100%;height:600px\" aria-label=\"Incorporado de Oficio-AV-207.2024-Prefeitura-Analise-da-Agua-Com-anexos-1.\"><\/object><a id=\"wp-block-file--media-b27d5558-03e5-4c30-9795-3d1120d03c97\" href=\"https:\/\/guaruja.org.br\/aguaviva\/wp-content\/uploads\/2024\/01\/Oficio-AV-207.2024-Prefeitura-Analise-da-Agua-Com-anexos-1.pdf\">Oficio-AV-207.2024-Prefeitura-Analise-da-Agua-Com-anexos-1<\/a><a href=\"https:\/\/guaruja.org.br\/aguaviva\/wp-content\/uploads\/2024\/01\/Oficio-AV-207.2024-Prefeitura-Analise-da-Agua-Com-anexos-1.pdf\" class=\"wp-block-file__button wp-element-button\" download aria-describedby=\"wp-block-file--media-b27d5558-03e5-4c30-9795-3d1120d03c97\">Baixar<\/a><\/div>\n\n\n\n<div data-wp-interactive=\"core\/file\" class=\"wp-block-file\"><object data-wp-bind--hidden=\"!state.hasPdfPreview\" hidden class=\"wp-block-file__embed\" data=\"https:\/\/guaruja.org.br\/aguaviva\/wp-content\/uploads\/2024\/01\/Oficio-AV-206.2024-CETESB-Analise-da-Agua-Com-anexos-1.pdf\" type=\"application\/pdf\" style=\"width:100%;height:600px\" aria-label=\"Incorporado de Oficio-AV-206.2024-CETESB-Analise-da-Agua-Com-anexos-1.\"><\/object><a id=\"wp-block-file--media-5a6158ae-c1ca-4ac9-a405-8df0c6e8afb0\" href=\"https:\/\/guaruja.org.br\/aguaviva\/wp-content\/uploads\/2024\/01\/Oficio-AV-206.2024-CETESB-Analise-da-Agua-Com-anexos-1.pdf\">Oficio-AV-206.2024-CETESB-Analise-da-Agua-Com-anexos-1<\/a><a href=\"https:\/\/guaruja.org.br\/aguaviva\/wp-content\/uploads\/2024\/01\/Oficio-AV-206.2024-CETESB-Analise-da-Agua-Com-anexos-1.pdf\" class=\"wp-block-file__button wp-element-button\" download aria-describedby=\"wp-block-file--media-5a6158ae-c1ca-4ac9-a405-8df0c6e8afb0\">Baixar<\/a><\/div>\n\n\n\n<div data-wp-interactive=\"core\/file\" class=\"wp-block-file\"><object data-wp-bind--hidden=\"!state.hasPdfPreview\" hidden class=\"wp-block-file__embed\" data=\"https:\/\/guaruja.org.br\/aguaviva\/wp-content\/uploads\/2024\/01\/Oficio-AV-208.2024-SABESP-Analise-da-Agua-COM-ANEXOS-1.pdf\" type=\"application\/pdf\" style=\"width:100%;height:600px\" aria-label=\"Incorporado de Oficio-AV-208.2024-SABESP-Analise-da-Agua-COM-ANEXOS-1.\"><\/object><a id=\"wp-block-file--media-d0a695ef-b36d-4e0f-ac55-11dd650585f9\" href=\"https:\/\/guaruja.org.br\/aguaviva\/wp-content\/uploads\/2024\/01\/Oficio-AV-208.2024-SABESP-Analise-da-Agua-COM-ANEXOS-1.pdf\">Oficio-AV-208.2024-SABESP-Analise-da-Agua-COM-ANEXOS-1<\/a><a href=\"https:\/\/guaruja.org.br\/aguaviva\/wp-content\/uploads\/2024\/01\/Oficio-AV-208.2024-SABESP-Analise-da-Agua-COM-ANEXOS-1.pdf\" class=\"wp-block-file__button wp-element-button\" download aria-describedby=\"wp-block-file--media-d0a695ef-b36d-4e0f-ac55-11dd650585f9\">Baixar<\/a><\/div>\n","protected":false},"excerpt":{"rendered":"<p>A an\u00e1lise da balneabilidade das praias \u00e9 realizada com base na m\u00e9dia dos resultados coletados nas \u00faltimas 4 semanas. Para conduzir a an\u00e1lise, um profissional adentra a \u00e1gua do mar at\u00e9 a altura dos quadris e coleta uma amostra. Essa amostra \u00e9 encaminhada ao laborat\u00f3rio de an\u00e1lises, e quando o resultado \u00e9 divulgado, pode n\u00e3o [&hellip;]<\/p>\n","protected":false},"featured_media":1226,"template":"","class_list":["post-1180","nossas-acoes","type-nossas-acoes","status-publish","has-post-thumbnail","hentry"],"yoast_head":"<!-- This site is optimized with the Yoast SEO Premium plugin v26.7 (Yoast SEO v26.7) - https:\/\/yoast.com\/wordpress\/plugins\/seo\/ -->\n<title>Aguaviva pede aten\u00e7\u00e3o para a qualidade da \u00e1gua e da areia das praias de Guaruj\u00e1 - AGUAVIVA<\/title>\n<meta name=\"description\" content=\"Explore nossa abordagem proativa ao enviar of\u00edcios e manifesta\u00e7\u00f5es \u00e0s autoridades em prol da comunidade e do meio ambiente.\u00c1guaViva alerta para a import\u00e2ncia de cuidar das areias e \u00e1guas das praias de Guaruj\u00e1. Conhe\u00e7a as an\u00e1lises de balneabilidade e as medidas tomadas para enfrentar a presen\u00e7a de \u00e1gua suja.\" \/>\n<meta name=\"robots\" content=\"index, follow, max-snippet:-1, max-image-preview:large, max-video-preview:-1\" \/>\n<link rel=\"canonical\" href=\"https:\/\/guaruja.org.br\/aguaviva\/nossas-acoes\/aguaviva-pede-atencao-para-a-qualidade-da-agua-e-da-areia-das-praias-de-guaruja\/\" \/>\n<meta property=\"og:locale\" content=\"pt_BR\" \/>\n<meta property=\"og:type\" content=\"article\" \/>\n<meta property=\"og:title\" content=\"Aguaviva pede aten\u00e7\u00e3o para a qualidade da \u00e1gua e da areia das praias de Guaruj\u00e1\" \/>\n<meta property=\"og:description\" content=\"Explore nossa abordagem proativa ao enviar of\u00edcios e manifesta\u00e7\u00f5es \u00e0s autoridades em prol da comunidade e do meio ambiente.\u00c1guaViva alerta para a import\u00e2ncia de cuidar das areias e \u00e1guas das praias de Guaruj\u00e1. Conhe\u00e7a as an\u00e1lises de balneabilidade e as medidas tomadas para enfrentar a presen\u00e7a de \u00e1gua suja.\" \/>\n<meta property=\"og:url\" content=\"https:\/\/guaruja.org.br\/aguaviva\/nossas-acoes\/aguaviva-pede-atencao-para-a-qualidade-da-agua-e-da-areia-das-praias-de-guaruja\/\" \/>\n<meta property=\"og:site_name\" content=\"AGUAVIVA\" \/>\n<meta property=\"article:publisher\" content=\"https:\/\/www.facebook.com\/guarujaaguaviva\" \/>\n<meta property=\"article:modified_time\" content=\"2024-01-29T21:57:54+00:00\" \/>\n<meta property=\"og:image\" content=\"https:\/\/guaruja.org.br\/aguaviva\/wp-content\/uploads\/2024\/01\/Design-sem-nome-2.png\" \/>\n\t<meta property=\"og:image:width\" content=\"940\" \/>\n\t<meta property=\"og:image:height\" content=\"788\" \/>\n\t<meta property=\"og:image:type\" content=\"image\/png\" \/>\n<meta name=\"twitter:card\" content=\"summary_large_image\" \/>\n<meta name=\"twitter:label1\" content=\"Est. tempo de leitura\" \/>\n\t<meta name=\"twitter:data1\" content=\"13 minutos\" \/>\n<script type=\"application\/ld+json\" class=\"yoast-schema-graph\">{\"@context\":\"https:\/\/schema.org\",\"@graph\":[{\"@type\":\"WebPage\",\"@id\":\"https:\/\/guaruja.org.br\/aguaviva\/nossas-acoes\/aguaviva-pede-atencao-para-a-qualidade-da-agua-e-da-areia-das-praias-de-guaruja\/\",\"url\":\"https:\/\/guaruja.org.br\/aguaviva\/nossas-acoes\/aguaviva-pede-atencao-para-a-qualidade-da-agua-e-da-areia-das-praias-de-guaruja\/\",\"name\":\"Aguaviva pede aten\u00e7\u00e3o para a qualidade da \u00e1gua e da areia das praias de Guaruj\u00e1 - AGUAVIVA\",\"isPartOf\":{\"@id\":\"https:\/\/guaruja.org.br\/aguaviva\/#website\"},\"primaryImageOfPage\":{\"@id\":\"https:\/\/guaruja.org.br\/aguaviva\/nossas-acoes\/aguaviva-pede-atencao-para-a-qualidade-da-agua-e-da-areia-das-praias-de-guaruja\/#primaryimage\"},\"image\":{\"@id\":\"https:\/\/guaruja.org.br\/aguaviva\/nossas-acoes\/aguaviva-pede-atencao-para-a-qualidade-da-agua-e-da-areia-das-praias-de-guaruja\/#primaryimage\"},\"thumbnailUrl\":\"https:\/\/guaruja.org.br\/aguaviva\/wp-content\/uploads\/2024\/01\/Design-sem-nome-2.png\",\"datePublished\":\"2024-01-09T19:40:04+00:00\",\"dateModified\":\"2024-01-29T21:57:54+00:00\",\"description\":\"Explore nossa abordagem proativa ao enviar of\u00edcios e manifesta\u00e7\u00f5es \u00e0s autoridades em prol da comunidade e do meio ambiente.\u00c1guaViva alerta para a import\u00e2ncia de cuidar das areias e \u00e1guas das praias de Guaruj\u00e1. Conhe\u00e7a as an\u00e1lises de balneabilidade e as medidas tomadas para enfrentar a presen\u00e7a de \u00e1gua suja.\",\"breadcrumb\":{\"@id\":\"https:\/\/guaruja.org.br\/aguaviva\/nossas-acoes\/aguaviva-pede-atencao-para-a-qualidade-da-agua-e-da-areia-das-praias-de-guaruja\/#breadcrumb\"},\"inLanguage\":\"pt-BR\",\"potentialAction\":[{\"@type\":\"ReadAction\",\"target\":[\"https:\/\/guaruja.org.br\/aguaviva\/nossas-acoes\/aguaviva-pede-atencao-para-a-qualidade-da-agua-e-da-areia-das-praias-de-guaruja\/\"]}]},{\"@type\":\"ImageObject\",\"inLanguage\":\"pt-BR\",\"@id\":\"https:\/\/guaruja.org.br\/aguaviva\/nossas-acoes\/aguaviva-pede-atencao-para-a-qualidade-da-agua-e-da-areia-das-praias-de-guaruja\/#primaryimage\",\"url\":\"https:\/\/guaruja.org.br\/aguaviva\/wp-content\/uploads\/2024\/01\/Design-sem-nome-2.png\",\"contentUrl\":\"https:\/\/guaruja.org.br\/aguaviva\/wp-content\/uploads\/2024\/01\/Design-sem-nome-2.png\",\"width\":940,\"height\":788},{\"@type\":\"BreadcrumbList\",\"@id\":\"https:\/\/guaruja.org.br\/aguaviva\/nossas-acoes\/aguaviva-pede-atencao-para-a-qualidade-da-agua-e-da-areia-das-praias-de-guaruja\/#breadcrumb\",\"itemListElement\":[{\"@type\":\"ListItem\",\"position\":1,\"name\":\"In\u00edcio\",\"item\":\"https:\/\/guaruja.org.br\/aguaviva\/\"},{\"@type\":\"ListItem\",\"position\":2,\"name\":\"Nossas A\u00e7\u00f5es\",\"item\":\"https:\/\/guaruja.org.br\/aguaviva\/nossas-acoes\/\"},{\"@type\":\"ListItem\",\"position\":3,\"name\":\"Aguaviva pede aten\u00e7\u00e3o para a qualidade da \u00e1gua e da areia das praias de Guaruj\u00e1\"}]},{\"@type\":\"WebSite\",\"@id\":\"https:\/\/guaruja.org.br\/aguaviva\/#website\",\"url\":\"https:\/\/guaruja.org.br\/aguaviva\/\",\"name\":\"AGUAVIVA\",\"description\":\"Associa\u00e7\u00e3o Guaruj\u00e1 Viva\",\"publisher\":{\"@id\":\"https:\/\/guaruja.org.br\/aguaviva\/#organization\"},\"alternateName\":\"AGUAVIVA\",\"potentialAction\":[{\"@type\":\"SearchAction\",\"target\":{\"@type\":\"EntryPoint\",\"urlTemplate\":\"https:\/\/guaruja.org.br\/aguaviva\/?s={search_term_string}\"},\"query-input\":{\"@type\":\"PropertyValueSpecification\",\"valueRequired\":true,\"valueName\":\"search_term_string\"}}],\"inLanguage\":\"pt-BR\"},{\"@type\":\"Organization\",\"@id\":\"https:\/\/guaruja.org.br\/aguaviva\/#organization\",\"name\":\"AGUAVIVA\",\"alternateName\":\"AGUAVIVA\",\"url\":\"https:\/\/guaruja.org.br\/aguaviva\/\",\"logo\":{\"@type\":\"ImageObject\",\"inLanguage\":\"pt-BR\",\"@id\":\"https:\/\/guaruja.org.br\/aguaviva\/#\/schema\/logo\/image\/\",\"url\":\"https:\/\/guaruja.org.br\/aguaviva\/wp-content\/uploads\/2025\/03\/logo-aguaviva-horizontal.png\",\"contentUrl\":\"https:\/\/guaruja.org.br\/aguaviva\/wp-content\/uploads\/2025\/03\/logo-aguaviva-horizontal.png\",\"width\":3280,\"height\":1080,\"caption\":\"AGUAVIVA\"},\"image\":{\"@id\":\"https:\/\/guaruja.org.br\/aguaviva\/#\/schema\/logo\/image\/\"},\"sameAs\":[\"https:\/\/www.facebook.com\/guarujaaguaviva\",\"https:\/\/www.instagram.com\/aguavivaguaruja\/\"]}]}<\/script>\n<!-- \/ Yoast SEO Premium plugin. -->","yoast_head_json":{"title":"Aguaviva pede aten\u00e7\u00e3o para a qualidade da \u00e1gua e da areia das praias de Guaruj\u00e1 - AGUAVIVA","description":"Explore nossa abordagem proativa ao enviar of\u00edcios e manifesta\u00e7\u00f5es \u00e0s autoridades em prol da comunidade e do meio ambiente.\u00c1guaViva alerta para a import\u00e2ncia de cuidar das areias e \u00e1guas das praias de Guaruj\u00e1. Conhe\u00e7a as an\u00e1lises de balneabilidade e as medidas tomadas para enfrentar a presen\u00e7a de \u00e1gua suja.","robots":{"index":"index","follow":"follow","max-snippet":"max-snippet:-1","max-image-preview":"max-image-preview:large","max-video-preview":"max-video-preview:-1"},"canonical":"https:\/\/guaruja.org.br\/aguaviva\/nossas-acoes\/aguaviva-pede-atencao-para-a-qualidade-da-agua-e-da-areia-das-praias-de-guaruja\/","og_locale":"pt_BR","og_type":"article","og_title":"Aguaviva pede aten\u00e7\u00e3o para a qualidade da \u00e1gua e da areia das praias de Guaruj\u00e1","og_description":"Explore nossa abordagem proativa ao enviar of\u00edcios e manifesta\u00e7\u00f5es \u00e0s autoridades em prol da comunidade e do meio ambiente.\u00c1guaViva alerta para a import\u00e2ncia de cuidar das areias e \u00e1guas das praias de Guaruj\u00e1. Conhe\u00e7a as an\u00e1lises de balneabilidade e as medidas tomadas para enfrentar a presen\u00e7a de \u00e1gua suja.","og_url":"https:\/\/guaruja.org.br\/aguaviva\/nossas-acoes\/aguaviva-pede-atencao-para-a-qualidade-da-agua-e-da-areia-das-praias-de-guaruja\/","og_site_name":"AGUAVIVA","article_publisher":"https:\/\/www.facebook.com\/guarujaaguaviva","article_modified_time":"2024-01-29T21:57:54+00:00","og_image":[{"width":940,"height":788,"url":"https:\/\/guaruja.org.br\/aguaviva\/wp-content\/uploads\/2024\/01\/Design-sem-nome-2.png","type":"image\/png"}],"twitter_card":"summary_large_image","twitter_misc":{"Est. tempo de leitura":"13 minutos"},"schema":{"@context":"https:\/\/schema.org","@graph":[{"@type":"WebPage","@id":"https:\/\/guaruja.org.br\/aguaviva\/nossas-acoes\/aguaviva-pede-atencao-para-a-qualidade-da-agua-e-da-areia-das-praias-de-guaruja\/","url":"https:\/\/guaruja.org.br\/aguaviva\/nossas-acoes\/aguaviva-pede-atencao-para-a-qualidade-da-agua-e-da-areia-das-praias-de-guaruja\/","name":"Aguaviva pede aten\u00e7\u00e3o para a qualidade da \u00e1gua e da areia das praias de Guaruj\u00e1 - AGUAVIVA","isPartOf":{"@id":"https:\/\/guaruja.org.br\/aguaviva\/#website"},"primaryImageOfPage":{"@id":"https:\/\/guaruja.org.br\/aguaviva\/nossas-acoes\/aguaviva-pede-atencao-para-a-qualidade-da-agua-e-da-areia-das-praias-de-guaruja\/#primaryimage"},"image":{"@id":"https:\/\/guaruja.org.br\/aguaviva\/nossas-acoes\/aguaviva-pede-atencao-para-a-qualidade-da-agua-e-da-areia-das-praias-de-guaruja\/#primaryimage"},"thumbnailUrl":"https:\/\/guaruja.org.br\/aguaviva\/wp-content\/uploads\/2024\/01\/Design-sem-nome-2.png","datePublished":"2024-01-09T19:40:04+00:00","dateModified":"2024-01-29T21:57:54+00:00","description":"Explore nossa abordagem proativa ao enviar of\u00edcios e manifesta\u00e7\u00f5es \u00e0s autoridades em prol da comunidade e do meio ambiente.\u00c1guaViva alerta para a import\u00e2ncia de cuidar das areias e \u00e1guas das praias de Guaruj\u00e1. Conhe\u00e7a as an\u00e1lises de balneabilidade e as medidas tomadas para enfrentar a presen\u00e7a de \u00e1gua suja.","breadcrumb":{"@id":"https:\/\/guaruja.org.br\/aguaviva\/nossas-acoes\/aguaviva-pede-atencao-para-a-qualidade-da-agua-e-da-areia-das-praias-de-guaruja\/#breadcrumb"},"inLanguage":"pt-BR","potentialAction":[{"@type":"ReadAction","target":["https:\/\/guaruja.org.br\/aguaviva\/nossas-acoes\/aguaviva-pede-atencao-para-a-qualidade-da-agua-e-da-areia-das-praias-de-guaruja\/"]}]},{"@type":"ImageObject","inLanguage":"pt-BR","@id":"https:\/\/guaruja.org.br\/aguaviva\/nossas-acoes\/aguaviva-pede-atencao-para-a-qualidade-da-agua-e-da-areia-das-praias-de-guaruja\/#primaryimage","url":"https:\/\/guaruja.org.br\/aguaviva\/wp-content\/uploads\/2024\/01\/Design-sem-nome-2.png","contentUrl":"https:\/\/guaruja.org.br\/aguaviva\/wp-content\/uploads\/2024\/01\/Design-sem-nome-2.png","width":940,"height":788},{"@type":"BreadcrumbList","@id":"https:\/\/guaruja.org.br\/aguaviva\/nossas-acoes\/aguaviva-pede-atencao-para-a-qualidade-da-agua-e-da-areia-das-praias-de-guaruja\/#breadcrumb","itemListElement":[{"@type":"ListItem","position":1,"name":"In\u00edcio","item":"https:\/\/guaruja.org.br\/aguaviva\/"},{"@type":"ListItem","position":2,"name":"Nossas A\u00e7\u00f5es","item":"https:\/\/guaruja.org.br\/aguaviva\/nossas-acoes\/"},{"@type":"ListItem","position":3,"name":"Aguaviva pede aten\u00e7\u00e3o para a qualidade da \u00e1gua e da areia das praias de Guaruj\u00e1"}]},{"@type":"WebSite","@id":"https:\/\/guaruja.org.br\/aguaviva\/#website","url":"https:\/\/guaruja.org.br\/aguaviva\/","name":"AGUAVIVA","description":"Associa\u00e7\u00e3o Guaruj\u00e1 Viva","publisher":{"@id":"https:\/\/guaruja.org.br\/aguaviva\/#organization"},"alternateName":"AGUAVIVA","potentialAction":[{"@type":"SearchAction","target":{"@type":"EntryPoint","urlTemplate":"https:\/\/guaruja.org.br\/aguaviva\/?s={search_term_string}"},"query-input":{"@type":"PropertyValueSpecification","valueRequired":true,"valueName":"search_term_string"}}],"inLanguage":"pt-BR"},{"@type":"Organization","@id":"https:\/\/guaruja.org.br\/aguaviva\/#organization","name":"AGUAVIVA","alternateName":"AGUAVIVA","url":"https:\/\/guaruja.org.br\/aguaviva\/","logo":{"@type":"ImageObject","inLanguage":"pt-BR","@id":"https:\/\/guaruja.org.br\/aguaviva\/#\/schema\/logo\/image\/","url":"https:\/\/guaruja.org.br\/aguaviva\/wp-content\/uploads\/2025\/03\/logo-aguaviva-horizontal.png","contentUrl":"https:\/\/guaruja.org.br\/aguaviva\/wp-content\/uploads\/2025\/03\/logo-aguaviva-horizontal.png","width":3280,"height":1080,"caption":"AGUAVIVA"},"image":{"@id":"https:\/\/guaruja.org.br\/aguaviva\/#\/schema\/logo\/image\/"},"sameAs":["https:\/\/www.facebook.com\/guarujaaguaviva","https:\/\/www.instagram.com\/aguavivaguaruja\/"]}]}},"_links":{"self":[{"href":"https:\/\/guaruja.org.br\/aguaviva\/wp-json\/wp\/v2\/nossas-acoes\/1180","targetHints":{"allow":["GET"]}}],"collection":[{"href":"https:\/\/guaruja.org.br\/aguaviva\/wp-json\/wp\/v2\/nossas-acoes"}],"about":[{"href":"https:\/\/guaruja.org.br\/aguaviva\/wp-json\/wp\/v2\/types\/nossas-acoes"}],"version-history":[{"count":0,"href":"https:\/\/guaruja.org.br\/aguaviva\/wp-json\/wp\/v2\/nossas-acoes\/1180\/revisions"}],"wp:featuredmedia":[{"embeddable":true,"href":"https:\/\/guaruja.org.br\/aguaviva\/wp-json\/wp\/v2\/media\/1226"}],"wp:attachment":[{"href":"https:\/\/guaruja.org.br\/aguaviva\/wp-json\/wp\/v2\/media?parent=1180"}],"curies":[{"name":"wp","href":"https:\/\/api.w.org\/{rel}","templated":true}]}}