{"id":159,"date":"2022-04-01T14:37:21","date_gmt":"2022-04-01T17:37:21","guid":{"rendered":"https:\/\/guaruja.org.br\/aguaviva-02\/?page_id=159"},"modified":"2022-04-04T21:48:18","modified_gmt":"2022-04-05T00:48:18","slug":"eventos","status":"publish","type":"page","link":"https:\/\/guaruja.org.br\/aguaviva\/eventos\/","title":{"rendered":"Eventos"},"content":{"rendered":"\n<h3 class=\"wp-block-heading\">Semin\u00e1rio online<\/h3>\n\n\n\n<p><strong>Resumo<\/strong><br>Em 21 de setembro de 2021, a AGUAVIVA promoveu seu primeiro Semin\u00e1rio online. Abordamos o Desenvolvimento Sustent\u00e1vel e seus desafios. Falamos de diversos assuntos entre eles o Plano Diretor, o papel da sociedade na engrenagem do desenvolvimento sustent\u00e1vel, turismo e infraestrutura. O evento foi esperado com ansiedade por todos os envolvidos e divulgado em diversos canais da m\u00eddia. J\u00e1 estamos preparando o pr\u00f3ximo.<br>Assista na integra <a href=\"https:\/\/www.youtube.com\/watch?v=qmXGIjYploY\">https:\/\/www.youtube.com\/watch?v=qmXGIjYploY<\/a><\/p>\n\n\n\n<p>Leia a Carta de Guaruj\u00e1 (Abaixo)<\/p>\n\n\n\n<div class=\"wp-block-buttons is-layout-flex wp-block-buttons-is-layout-flex\">\n<div class=\"wp-block-button\"><a class=\"wp-block-button__link\" href=\"https:\/\/guaruja.org.br\/aguaviva\/wp-content\/uploads\/2022\/04\/5d742fc679bb45b5788ae35b45905188.pdf\" target=\"_blank\" rel=\"noreferrer noopener\">Carta de Guaruj\u00e1<\/a><\/div>\n<\/div>\n\n\n\n<div style=\"height:100px\" aria-hidden=\"true\" class=\"wp-block-spacer\"><\/div>\n\n\n\n<div class=\"wp-block-columns is-layout-flex wp-container-core-columns-is-layout-28f84493 wp-block-columns-is-layout-flex\">\n<div class=\"wp-block-column is-layout-flow wp-block-column-is-layout-flow\">\n<h3 class=\"wp-block-heading\"><strong>FRENTE PARLAMENTAR<\/strong><\/h3>\n\n\n\n<p><strong>Resumo<\/strong><br>Na audi\u00eancia p\u00fablica realizada em 14.04.2021 pela Assembleia Legislativa de S\u00e3o Paulo sobre os \u201cImpactos da Verticaliza\u00e7\u00e3o no Litoral Paulista\u201d, n\u00f3s da ASSOCIA\u00c7\u00c3O GUARUJ\u00c1 VIVA \u2013 AGUAVIVA, fomos a p\u00fablico manifestar nossa profunda preocupa\u00e7\u00e3o e inquietude com a degrada\u00e7\u00e3o urbana e ambiental que est\u00e1 em marcha em nossa regi\u00e3o.<br>Confira no link abaixo o PDF com a Carta de Rep\u00fadio<\/p>\n\n\n\n<div class=\"wp-block-buttons is-layout-flex wp-block-buttons-is-layout-flex\">\n<div class=\"wp-block-button\"><a class=\"wp-block-button__link\" href=\"https:\/\/guaruja.org.br\/aguaviva\/wp-content\/uploads\/2022\/04\/Nota-de-repudio-Guaruja.pdf\" target=\"_blank\" rel=\"noreferrer noopener\">Carta de Rep\u00fadio<\/a><\/div>\n<\/div>\n\n\n\n<p><\/p>\n\n\n\n<p>Trecho em que foi lido a carta<\/p>\n\n\n\n<figure class=\"wp-block-embed is-type-video is-provider-youtube wp-block-embed-youtube wp-embed-aspect-16-9 wp-has-aspect-ratio\"><div class=\"wp-block-embed__wrapper\">\n<iframe title=\"NOTA DE REP\u00daDIO FRENTE PARLAMENTAR\" width=\"800\" height=\"450\" src=\"https:\/\/www.youtube.com\/embed\/_JYV1mGHm2Q?feature=oembed\" frameborder=\"0\" allow=\"accelerometer; autoplay; clipboard-write; encrypted-media; gyroscope; picture-in-picture\" allowfullscreen><\/iframe>\n<\/div><\/figure>\n<\/div>\n\n\n\n<div class=\"wp-block-column is-layout-flow wp-block-column-is-layout-flow\">\n<h3 class=\"wp-block-heading\"><strong>AUDI\u00caNCIA P\u00daBLICA<\/strong><\/h3>\n\n\n\n<p>Resumo<br>No dia 25 de maio de 2021, \u00e0s 18h00 aconteceu a audi\u00eancia p\u00fablica sobre a CRIA\u00c7\u00c3O DA \u00c1REA DE PROTE\u00c7\u00c3O AMBIENTAL DA SERRA DE SANTO AMARO. A AGUAVIVA \u2013 ASSOCIA\u00c7\u00c3O GUARUJ\u00c1 VIVA e a SOCIEDADE AMIGOS DO GUAIUBA \u2013 SAG, entregaram aos organizadores do evento, um of\u00edcio com a exposi\u00e7\u00e3o dos atributos ambientais do Bairro do Guaiuba e entorno, pedindo que a inclus\u00e3o da regi\u00e3o na APA Santo Amaro ou o compromisso formal para a cria\u00e7\u00e3o de uma terceira Apa, que atenda nossas reivindica\u00e7\u00f5es.<br>Confira no link abaixo o PDF com o oficio<\/p>\n\n\n\n<div class=\"wp-block-buttons is-layout-flex wp-block-buttons-is-layout-flex\">\n<div class=\"wp-block-button\"><a class=\"wp-block-button__link\" href=\"https:\/\/guaruja.org.br\/aguaviva\/wp-content\/uploads\/2022\/04\/OFICIO-AGUAVIVA-E-SAG-insercao-do-Bairro-Jardim-Guaiuba-na-Area-de-Protecao-Ambiental-\u2013-APA-Serra-de-Santo-Amaro.pdf\" target=\"_blank\" rel=\"noreferrer noopener\">Of\u00edcio<\/a><\/div>\n<\/div>\n\n\n\n<p><\/p>\n\n\n\n<p>Audi\u00eancia completa<\/p>\n\n\n\n<p><a href=\"http:\/\/www.youtube.com\/watch?v=iSIj0zmMbp4\">http:\/\/www.youtube.com\/watch?v=iSIj0zmMbp4<\/a><\/p>\n<\/div>\n<\/div>\n\n\n\n<div style=\"height:100px\" aria-hidden=\"true\" class=\"wp-block-spacer\"><\/div>\n\n\n\n<h3 class=\"wp-block-heading\">Distribui\u00e7\u00e3o de cestas b\u00e1sicas e m\u00e1scaras de prote\u00e7\u00e3o<\/h3>\n\n\n\n<p><strong>Resumo<\/strong><br>Afro Ketu e AGUAVIVA distribuem cestas b\u00e1sicas e m\u00e1scaras de prote\u00e7\u00e3o em Guaruj\u00e1<br>As associa\u00e7\u00f5es Afro Ketu e Guaruj\u00e1 Viva (AGUAVIVA) promovem nesta ter\u00e7a-feira, dia 15, uma distribui\u00e7\u00e3o de cestas b\u00e1sicas e de m\u00e1scaras de prote\u00e7\u00e3o na sede da Afro Ketu, no bairro de Morrinhos, em Guaruj\u00e1. Ser\u00e3o atendidas 28 fam\u00edlias carentes.Os alimentos ser\u00e3o distribu\u00eddos pela Afro Ketu e 250 m\u00e1scaras ser\u00e3o entregues por Deborah Baptista e Joyce Carvalho (vices-presidente da AGUAVIVA) e da conselheira Maria Karla Batista.<\/p>\n\n\n\n<p>A AGUAVIVA, Associa\u00e7\u00e3o Guaruj\u00e1 Viva, quer que especialmente neste momento de grande desorienta\u00e7\u00e3o provocada pelo desastroso comportamento do governo federal contra o correto uso de m\u00e1scaras, o distanciamento social e todos os cuidados para enfrentar o avan\u00e7o da pandemia em sua terceira onda, seja lan\u00e7ada campanha por uma pol\u00edtica p\u00fablica na Baixada Santista para a distribui\u00e7\u00e3o gratuita de m\u00e1scaras de qualidade e conscientiza\u00e7\u00e3o do uso correto para a popula\u00e7\u00e3o. Al\u00e9m das prefeituras, as empresas,igrejas e institui\u00e7\u00f5es tamb\u00e9m devem contribuir. Isso \u00e9 vital para o hoje e para o amanh\u00e3&#8221; afirma o presidente da associa\u00e7\u00e3o Jos\u00e9 Manoel Ferreira Gon\u00e7alves.<\/p>\n\n\n\n<p>A sede da Afro Ketu fica na Avenida Antenor Pimentel, 760 Salas 19 e 20, em Morrinhos, Guaruj\u00e1.<\/p>\n\n\n\n<figure class=\"wp-block-gallery has-nested-images columns-default is-cropped wp-block-gallery-1 is-layout-flex wp-block-gallery-is-layout-flex\">\n<figure class=\"wp-block-image size-large\"><img decoding=\"async\" src=\"https:\/\/guaruja.org.br\/aguaviva\/wp-content\/uploads\/2022\/04\/WhatsApp-Image-2022-04-01-at-14.18.08-3-1024x768.jpeg\" alt=\"\"\/><\/figure>\n\n\n\n<figure class=\"wp-block-image size-large\"><img decoding=\"async\" src=\"https:\/\/guaruja.org.br\/aguaviva\/wp-content\/uploads\/2022\/04\/WhatsApp-Image-2022-04-01-at-14.18.08-2-1024x768.jpeg\" alt=\"\"\/><\/figure>\n\n\n\n<figure class=\"wp-block-image size-large\"><img decoding=\"async\" src=\"https:\/\/guaruja.org.br\/aguaviva\/wp-content\/uploads\/2022\/04\/WhatsApp-Image-2022-04-01-at-14.18.08-1-1024x768.jpeg\" alt=\"\"\/><\/figure>\n\n\n\n<figure class=\"wp-block-image size-large\"><img decoding=\"async\" src=\"https:\/\/guaruja.org.br\/aguaviva\/wp-content\/uploads\/2022\/04\/WhatsApp-Image-2022-04-01-at-14.18.08-768x1024.jpeg\" alt=\"\"\/><\/figure>\n\n\n\n<figure class=\"wp-block-image size-large\"><img decoding=\"async\" src=\"https:\/\/guaruja.org.br\/aguaviva\/wp-content\/uploads\/2022\/04\/WhatsApp-Image-2022-04-01-at-14.18.07-2-768x1024.jpeg\" alt=\"\"\/><\/figure>\n\n\n\n<figure class=\"wp-block-image size-large\"><img decoding=\"async\" src=\"https:\/\/guaruja.org.br\/aguaviva\/wp-content\/uploads\/2022\/04\/WhatsApp-Image-2022-04-01-at-14.18.07-1-1024x768.jpeg\" alt=\"\"\/><\/figure>\n\n\n\n<figure class=\"wp-block-image size-large\"><img decoding=\"async\" src=\"https:\/\/guaruja.org.br\/aguaviva\/wp-content\/uploads\/2022\/04\/WhatsApp-Image-2022-04-01-at-14.18.07-1024x768.jpeg\" alt=\"\"\/><\/figure>\n<\/figure>\n\n\n\n<div class=\"wp-block-buttons is-content-justification-center is-layout-flex wp-container-core-buttons-is-layout-a89b3969 wp-block-buttons-is-layout-flex\">\n<div class=\"wp-block-button\"><a class=\"wp-block-button__link\" href=\"https:\/\/or8.com.br\/afro-ketu-e-aguaviva-distribuem-cestas-basicas-e-mascaras-de-protecao-em-guaruja\/\" target=\"_blank\" rel=\"noreferrer noopener\">Not\u00edcia completa<\/a><\/div>\n<\/div>\n","protected":false},"excerpt":{"rendered":"<p>Semin\u00e1rio online ResumoEm 21 de setembro de 2021, a AGUAVIVA promoveu seu primeiro Semin\u00e1rio online. Abordamos o Desenvolvimento Sustent\u00e1vel e seus desafios. Falamos de diversos assuntos entre eles o Plano Diretor, o papel da sociedade na engrenagem do desenvolvimento sustent\u00e1vel, turismo e infraestrutura. O evento foi esperado com ansiedade por todos os envolvidos e divulgado [&hellip;]<\/p>\n","protected":false},"author":1,"featured_media":0,"parent":0,"menu_order":0,"comment_status":"closed","ping_status":"closed","template":"","meta":{"footnotes":""},"class_list":["post-159","page","type-page","status-publish","hentry"],"yoast_head":"<!-- This site is optimized with the Yoast SEO Premium plugin v26.7 (Yoast SEO v26.7) - https:\/\/yoast.com\/wordpress\/plugins\/seo\/ -->\n<title>Eventos - AGUAVIVA<\/title>\n<meta name=\"robots\" content=\"index, follow, max-snippet:-1, max-image-preview:large, max-video-preview:-1\" \/>\n<link rel=\"canonical\" href=\"https:\/\/guaruja.org.br\/aguaviva\/eventos\/\" \/>\n<meta property=\"og:locale\" content=\"pt_BR\" \/>\n<meta property=\"og:type\" content=\"article\" \/>\n<meta property=\"og:title\" content=\"Eventos\" \/>\n<meta property=\"og:description\" content=\"Semin\u00e1rio online ResumoEm 21 de setembro de 2021, a AGUAVIVA promoveu seu primeiro Semin\u00e1rio online. Abordamos o Desenvolvimento Sustent\u00e1vel e seus desafios. Falamos de diversos assuntos entre eles o Plano Diretor, o papel da sociedade na engrenagem do desenvolvimento sustent\u00e1vel, turismo e infraestrutura. O evento foi esperado com ansiedade por todos os envolvidos e divulgado [&hellip;]\" \/>\n<meta property=\"og:url\" content=\"https:\/\/guaruja.org.br\/aguaviva\/eventos\/\" \/>\n<meta property=\"og:site_name\" content=\"AGUAVIVA\" \/>\n<meta property=\"article:publisher\" content=\"https:\/\/www.facebook.com\/guarujaaguaviva\" \/>\n<meta property=\"article:modified_time\" content=\"2022-04-05T00:48:18+00:00\" \/>\n<meta property=\"og:image\" content=\"https:\/\/guaruja.org.br\/aguaviva\/wp-content\/uploads\/2022\/04\/WhatsApp-Image-2022-04-01-at-14.18.08-3-1024x768.jpeg\" \/>\n<meta name=\"twitter:card\" content=\"summary_large_image\" \/>\n<meta name=\"twitter:label1\" content=\"Est. tempo de leitura\" \/>\n\t<meta name=\"twitter:data1\" content=\"3 minutos\" \/>\n<script type=\"application\/ld+json\" class=\"yoast-schema-graph\">{\"@context\":\"https:\/\/schema.org\",\"@graph\":[{\"@type\":\"WebPage\",\"@id\":\"https:\/\/guaruja.org.br\/aguaviva\/eventos\/\",\"url\":\"https:\/\/guaruja.org.br\/aguaviva\/eventos\/\",\"name\":\"Eventos - AGUAVIVA\",\"isPartOf\":{\"@id\":\"https:\/\/guaruja.org.br\/aguaviva\/#website\"},\"primaryImageOfPage\":{\"@id\":\"https:\/\/guaruja.org.br\/aguaviva\/eventos\/#primaryimage\"},\"image\":{\"@id\":\"https:\/\/guaruja.org.br\/aguaviva\/eventos\/#primaryimage\"},\"thumbnailUrl\":\"https:\/\/guaruja.org.br\/aguaviva\/wp-content\/uploads\/2022\/04\/WhatsApp-Image-2022-04-01-at-14.18.08-3-1024x768.jpeg\",\"datePublished\":\"2022-04-01T17:37:21+00:00\",\"dateModified\":\"2022-04-05T00:48:18+00:00\",\"breadcrumb\":{\"@id\":\"https:\/\/guaruja.org.br\/aguaviva\/eventos\/#breadcrumb\"},\"inLanguage\":\"pt-BR\",\"potentialAction\":[{\"@type\":\"ReadAction\",\"target\":[\"https:\/\/guaruja.org.br\/aguaviva\/eventos\/\"]}]},{\"@type\":\"ImageObject\",\"inLanguage\":\"pt-BR\",\"@id\":\"https:\/\/guaruja.org.br\/aguaviva\/eventos\/#primaryimage\",\"url\":\"https:\/\/guaruja.org.br\/aguaviva\/wp-content\/uploads\/2022\/04\/WhatsApp-Image-2022-04-01-at-14.18.08-3.jpeg\",\"contentUrl\":\"https:\/\/guaruja.org.br\/aguaviva\/wp-content\/uploads\/2022\/04\/WhatsApp-Image-2022-04-01-at-14.18.08-3.jpeg\",\"width\":1032,\"height\":774},{\"@type\":\"BreadcrumbList\",\"@id\":\"https:\/\/guaruja.org.br\/aguaviva\/eventos\/#breadcrumb\",\"itemListElement\":[{\"@type\":\"ListItem\",\"position\":1,\"name\":\"In\u00edcio\",\"item\":\"https:\/\/guaruja.org.br\/aguaviva\/\"},{\"@type\":\"ListItem\",\"position\":2,\"name\":\"Eventos\"}]},{\"@type\":\"WebSite\",\"@id\":\"https:\/\/guaruja.org.br\/aguaviva\/#website\",\"url\":\"https:\/\/guaruja.org.br\/aguaviva\/\",\"name\":\"AGUAVIVA\",\"description\":\"Associa\u00e7\u00e3o Guaruj\u00e1 Viva\",\"publisher\":{\"@id\":\"https:\/\/guaruja.org.br\/aguaviva\/#organization\"},\"alternateName\":\"AGUAVIVA\",\"potentialAction\":[{\"@type\":\"SearchAction\",\"target\":{\"@type\":\"EntryPoint\",\"urlTemplate\":\"https:\/\/guaruja.org.br\/aguaviva\/?s={search_term_string}\"},\"query-input\":{\"@type\":\"PropertyValueSpecification\",\"valueRequired\":true,\"valueName\":\"search_term_string\"}}],\"inLanguage\":\"pt-BR\"},{\"@type\":\"Organization\",\"@id\":\"https:\/\/guaruja.org.br\/aguaviva\/#organization\",\"name\":\"AGUAVIVA\",\"alternateName\":\"AGUAVIVA\",\"url\":\"https:\/\/guaruja.org.br\/aguaviva\/\",\"logo\":{\"@type\":\"ImageObject\",\"inLanguage\":\"pt-BR\",\"@id\":\"https:\/\/guaruja.org.br\/aguaviva\/#\/schema\/logo\/image\/\",\"url\":\"https:\/\/guaruja.org.br\/aguaviva\/wp-content\/uploads\/2025\/03\/logo-aguaviva-horizontal.png\",\"contentUrl\":\"https:\/\/guaruja.org.br\/aguaviva\/wp-content\/uploads\/2025\/03\/logo-aguaviva-horizontal.png\",\"width\":3280,\"height\":1080,\"caption\":\"AGUAVIVA\"},\"image\":{\"@id\":\"https:\/\/guaruja.org.br\/aguaviva\/#\/schema\/logo\/image\/\"},\"sameAs\":[\"https:\/\/www.facebook.com\/guarujaaguaviva\",\"https:\/\/www.instagram.com\/aguavivaguaruja\/\"]}]}<\/script>\n<!-- \/ Yoast SEO Premium plugin. -->","yoast_head_json":{"title":"Eventos - AGUAVIVA","robots":{"index":"index","follow":"follow","max-snippet":"max-snippet:-1","max-image-preview":"max-image-preview:large","max-video-preview":"max-video-preview:-1"},"canonical":"https:\/\/guaruja.org.br\/aguaviva\/eventos\/","og_locale":"pt_BR","og_type":"article","og_title":"Eventos","og_description":"Semin\u00e1rio online ResumoEm 21 de setembro de 2021, a AGUAVIVA promoveu seu primeiro Semin\u00e1rio online. Abordamos o Desenvolvimento Sustent\u00e1vel e seus desafios. Falamos de diversos assuntos entre eles o Plano Diretor, o papel da sociedade na engrenagem do desenvolvimento sustent\u00e1vel, turismo e infraestrutura. O evento foi esperado com ansiedade por todos os envolvidos e divulgado [&hellip;]","og_url":"https:\/\/guaruja.org.br\/aguaviva\/eventos\/","og_site_name":"AGUAVIVA","article_publisher":"https:\/\/www.facebook.com\/guarujaaguaviva","article_modified_time":"2022-04-05T00:48:18+00:00","og_image":[{"url":"https:\/\/guaruja.org.br\/aguaviva\/wp-content\/uploads\/2022\/04\/WhatsApp-Image-2022-04-01-at-14.18.08-3-1024x768.jpeg","type":"","width":"","height":""}],"twitter_card":"summary_large_image","twitter_misc":{"Est. tempo de leitura":"3 minutos"},"schema":{"@context":"https:\/\/schema.org","@graph":[{"@type":"WebPage","@id":"https:\/\/guaruja.org.br\/aguaviva\/eventos\/","url":"https:\/\/guaruja.org.br\/aguaviva\/eventos\/","name":"Eventos - AGUAVIVA","isPartOf":{"@id":"https:\/\/guaruja.org.br\/aguaviva\/#website"},"primaryImageOfPage":{"@id":"https:\/\/guaruja.org.br\/aguaviva\/eventos\/#primaryimage"},"image":{"@id":"https:\/\/guaruja.org.br\/aguaviva\/eventos\/#primaryimage"},"thumbnailUrl":"https:\/\/guaruja.org.br\/aguaviva\/wp-content\/uploads\/2022\/04\/WhatsApp-Image-2022-04-01-at-14.18.08-3-1024x768.jpeg","datePublished":"2022-04-01T17:37:21+00:00","dateModified":"2022-04-05T00:48:18+00:00","breadcrumb":{"@id":"https:\/\/guaruja.org.br\/aguaviva\/eventos\/#breadcrumb"},"inLanguage":"pt-BR","potentialAction":[{"@type":"ReadAction","target":["https:\/\/guaruja.org.br\/aguaviva\/eventos\/"]}]},{"@type":"ImageObject","inLanguage":"pt-BR","@id":"https:\/\/guaruja.org.br\/aguaviva\/eventos\/#primaryimage","url":"https:\/\/guaruja.org.br\/aguaviva\/wp-content\/uploads\/2022\/04\/WhatsApp-Image-2022-04-01-at-14.18.08-3.jpeg","contentUrl":"https:\/\/guaruja.org.br\/aguaviva\/wp-content\/uploads\/2022\/04\/WhatsApp-Image-2022-04-01-at-14.18.08-3.jpeg","width":1032,"height":774},{"@type":"BreadcrumbList","@id":"https:\/\/guaruja.org.br\/aguaviva\/eventos\/#breadcrumb","itemListElement":[{"@type":"ListItem","position":1,"name":"In\u00edcio","item":"https:\/\/guaruja.org.br\/aguaviva\/"},{"@type":"ListItem","position":2,"name":"Eventos"}]},{"@type":"WebSite","@id":"https:\/\/guaruja.org.br\/aguaviva\/#website","url":"https:\/\/guaruja.org.br\/aguaviva\/","name":"AGUAVIVA","description":"Associa\u00e7\u00e3o Guaruj\u00e1 Viva","publisher":{"@id":"https:\/\/guaruja.org.br\/aguaviva\/#organization"},"alternateName":"AGUAVIVA","potentialAction":[{"@type":"SearchAction","target":{"@type":"EntryPoint","urlTemplate":"https:\/\/guaruja.org.br\/aguaviva\/?s={search_term_string}"},"query-input":{"@type":"PropertyValueSpecification","valueRequired":true,"valueName":"search_term_string"}}],"inLanguage":"pt-BR"},{"@type":"Organization","@id":"https:\/\/guaruja.org.br\/aguaviva\/#organization","name":"AGUAVIVA","alternateName":"AGUAVIVA","url":"https:\/\/guaruja.org.br\/aguaviva\/","logo":{"@type":"ImageObject","inLanguage":"pt-BR","@id":"https:\/\/guaruja.org.br\/aguaviva\/#\/schema\/logo\/image\/","url":"https:\/\/guaruja.org.br\/aguaviva\/wp-content\/uploads\/2025\/03\/logo-aguaviva-horizontal.png","contentUrl":"https:\/\/guaruja.org.br\/aguaviva\/wp-content\/uploads\/2025\/03\/logo-aguaviva-horizontal.png","width":3280,"height":1080,"caption":"AGUAVIVA"},"image":{"@id":"https:\/\/guaruja.org.br\/aguaviva\/#\/schema\/logo\/image\/"},"sameAs":["https:\/\/www.facebook.com\/guarujaaguaviva","https:\/\/www.instagram.com\/aguavivaguaruja\/"]}]}},"_links":{"self":[{"href":"https:\/\/guaruja.org.br\/aguaviva\/wp-json\/wp\/v2\/pages\/159","targetHints":{"allow":["GET"]}}],"collection":[{"href":"https:\/\/guaruja.org.br\/aguaviva\/wp-json\/wp\/v2\/pages"}],"about":[{"href":"https:\/\/guaruja.org.br\/aguaviva\/wp-json\/wp\/v2\/types\/page"}],"author":[{"embeddable":true,"href":"https:\/\/guaruja.org.br\/aguaviva\/wp-json\/wp\/v2\/users\/1"}],"replies":[{"embeddable":true,"href":"https:\/\/guaruja.org.br\/aguaviva\/wp-json\/wp\/v2\/comments?post=159"}],"version-history":[{"count":0,"href":"https:\/\/guaruja.org.br\/aguaviva\/wp-json\/wp\/v2\/pages\/159\/revisions"}],"wp:attachment":[{"href":"https:\/\/guaruja.org.br\/aguaviva\/wp-json\/wp\/v2\/media?parent=159"}],"curies":[{"name":"wp","href":"https:\/\/api.w.org\/{rel}","templated":true}]}}